{"id":1854,"date":"2024-06-20T04:06:14","date_gmt":"2024-06-20T04:06:14","guid":{"rendered":"https:\/\/rudolfgruenig.ch\/?page_id=1854"},"modified":"2025-09-11T07:41:23","modified_gmt":"2025-09-11T07:41:23","slug":"publikationen-fr","status":"publish","type":"page","link":"https:\/\/rudolfgruenig.ch\/fr\/publikationen-fr\/","title":{"rendered":"Publications"},"content":{"rendered":"<p>[et_pb_section fb_built=\u00a0\u00bb1&Prime; _builder_version=\u00a0\u00bb4.25.1&Prime; _module_preset=\u00a0\u00bbd101e620-0406-4e85-b15d-4aedcb963d90&Prime; background_color=\u00a0\u00bbRGBA(255,255,255,0)\u00a0\u00bb background_image=\u00a0\u00bbhttps:\/\/rudolfgruenig.ch\/wp-content\/uploads\/2024\/06\/BG-01-1.png\u00a0\u00bb height=\u00a0\u00bb250px\u00a0\u00bb custom_margin=\u00a0\u00bb0px||-19px||false|false\u00a0\u00bb custom_padding=\u00a0\u00bb78px||41px|||\u00a0\u00bb global_colors_info=\u00a0\u00bb{}\u00a0\u00bb][et_pb_row _builder_version=\u00a0\u00bb4.25.1&Prime; _module_preset=\u00a0\u00bbdefault\u00a0\u00bb custom_margin=\u00a0\u00bb0px||0px||true|false\u00a0\u00bb custom_padding=\u00a0\u00bb0px||0px||true|false\u00a0\u00bb global_colors_info=\u00a0\u00bb{}\u00a0\u00bb][et_pb_column type=\u00a0\u00bb4_4&Prime; _builder_version=\u00a0\u00bb4.25.1&Prime; _module_preset=\u00a0\u00bbdefault\u00a0\u00bb global_colors_info=\u00a0\u00bb{}\u00a0\u00bb][et_pb_heading title=\u00a0\u00bbPublications\u00a0\u00bb _builder_version=\u00a0\u00bb4.25.1&Prime; _module_preset=\u00a0\u00bbdefault\u00a0\u00bb title_font=\u00a0\u00bb|600|||||||\u00a0\u00bb title_text_align=\u00a0\u00bbcenter\u00a0\u00bb custom_margin=\u00a0\u00bb||30px|||\u00a0\u00bb global_colors_info=\u00a0\u00bb{}\u00a0\u00bb][\/et_pb_heading][dipl_breadcrumb breadcrumb_layout=\u00a0\u00bblayout2&Prime; separator_type=\u00a0\u00bbicon_separator\u00a0\u00bb separator_icon=\u00a0\u00bb&#x39;||divi||400&Prime; separator_color=\u00a0\u00bb#000000&Prime; _builder_version=\u00a0\u00bb4.25.1&Prime; _module_preset=\u00a0\u00bbdefault\u00a0\u00bb global_text_settings_text_align=\u00a0\u00bbcenter\u00a0\u00bb global_text_settings_font_size=\u00a0\u00bb19px\u00a0\u00bb text_text_color=\u00a0\u00bb#000000&Prime; link_text_color=\u00a0\u00bb#000000&Prime; min_height=\u00a0\u00bb10px\u00a0\u00bb global_colors_info=\u00a0\u00bb{}\u00a0\u00bb][\/dipl_breadcrumb][\/et_pb_column][\/et_pb_row][\/et_pb_section][et_pb_section fb_built=\u00a0\u00bb1&Prime; _builder_version=\u00a0\u00bb4.25.1&Prime; _module_preset=\u00a0\u00bbdefault\u00a0\u00bb global_colors_info=\u00a0\u00bb{}\u00a0\u00bb][et_pb_row module_id=\u00a0\u00bbneuste_auflagen\u00a0\u00bb _builder_version=\u00a0\u00bb4.25.1&Prime; _module_preset=\u00a0\u00bbdefault\u00a0\u00bb global_colors_info=\u00a0\u00bb{}\u00a0\u00bb][et_pb_column type=\u00a0\u00bb4_4&Prime; _builder_version=\u00a0\u00bb4.25.1&Prime; _module_preset=\u00a0\u00bbdefault\u00a0\u00bb global_colors_info=\u00a0\u00bb{}\u00a0\u00bb][et_pb_blurb title=\u00a0\u00bbDerni\u00e8res \u00e9ditions des manuels pratiques et d&rsquo;enseignement\u00a0\u00bb image=\u00a0\u00bbhttps:\/\/rudolfgruenig.ch\/wp-content\/uploads\/2024\/06\/line_2.png\u00a0\u00bb content_max_width=\u00a0\u00bb1100px\u00a0\u00bb _builder_version=\u00a0\u00bb4.25.1&Prime; _module_preset=\u00a0\u00bbdefault\u00a0\u00bb header_level=\u00a0\u00bbh2&Prime; header_font=\u00a0\u00bb|600|||||||\u00a0\u00bb header_font_size=\u00a0\u00bb35px\u00a0\u00bb text_orientation=\u00a0\u00bbcenter\u00a0\u00bb custom_padding=\u00a0\u00bb||0px|||\u00a0\u00bb locked=\u00a0\u00bboff\u00a0\u00bb global_colors_info=\u00a0\u00bb{}\u00a0\u00bb][\/et_pb_blurb][\/et_pb_column][\/et_pb_row][et_pb_row _builder_version=\u00a0\u00bb4.25.1&Prime; _module_preset=\u00a0\u00bbdefault\u00a0\u00bb custom_padding=\u00a0\u00bb|0px||0px|false|true\u00a0\u00bb global_colors_info=\u00a0\u00bb{}\u00a0\u00bb][et_pb_column type=\u00a0\u00bb4_4&Prime; _builder_version=\u00a0\u00bb4.25.1&Prime; _module_preset=\u00a0\u00bbdefault\u00a0\u00bb global_colors_info=\u00a0\u00bb{}\u00a0\u00bb][dipl_image_card_carousel cards_per_slide=\u00a0\u00bb4&Prime; show_control_dot=\u00a0\u00bbon\u00a0\u00bb control_dot_style=\u00a0\u00bbtransparent_dot\u00a0\u00bb enable_dynamic_dots=\u00a0\u00bbon\u00a0\u00bb slider_container_custom_padding=\u00a0\u00bb|11px||11px|false|true\u00a0\u00bb cards_per_slide_tablet=\u00a0\u00bb2&Prime; cards_per_slide_phone=\u00a0\u00bb1&Prime; cards_per_slide_last_edited=\u00a0\u00bbon|phone\u00a0\u00bb module_id=\u00a0\u00bbsection_slider\u00a0\u00bb _builder_version=\u00a0\u00bb4.27.4&Prime; _module_preset=\u00a0\u00bbdefault\u00a0\u00bb width=\u00a0\u00bb100%\u00a0\u00bb module_alignment=\u00a0\u00bbcenter\u00a0\u00bb custom_css_free_form=\u00a0\u00bb.dipl_image_card_title{||display: none !important;||||}||.card_book {||width: 100% ;||min-height: 650px;||overflow: hidden;||display: flex;||flex-direction: column;||background-color: #fff;||}||.card_book__logo-partner,||.card_book .size-full{||width: 100% !important;||min-height: 400px !important;||object-fit: cover;||}||||.card_book__content {||padding: 16px;||flex-grow: 1;||line-height:.8em;||}||||.card_book__title {||margin: 0 0 8px;||font-size: 0.9rem;||color: #333;||padding : 0;||font-style: normal;||font-weight: 400;||}||||.card_book__authors {||margin: 0 0 8px;||font-size: .5em;||color:#2C4794;||}||||.card_book__description {||margin: 0;||word-wrap: break-word;||overflow-wrap: break-word;||line-height:30px;||font-size: 0.9em;||font-weight:700;||text-decoration: underline;||color: #000000;||}||.card_book__description:hover{|| text-decoration: underline !important;||}||.card_book__footer {||display: flex;||justify-content: space-between;||padding: 16px;||border-top: 1px solid #eee;||}||||.card_book__footer-item {||color: #666;||font-variant-numeric: lining-nums tabular-nums;||font-family: Arial;||font-size: 14px;||font-style: normal;||font-weight: 400;||line-height: 18px;||}||.author__footer-item{||color:#000;||font-size: 14px;||font-style: normal;||font-weight: 400;||line-height: 24px;||text-transform: uppercase;||}\u00a0\u00bb global_colors_info=\u00a0\u00bb{}\u00a0\u00bb][dipl_image_card_carousel_item icon_alignment=\u00a0\u00bbcenter\u00a0\u00bb content_custom_padding=\u00a0\u00bb0px|0px|0px|0px|true|true\u00a0\u00bb _builder_version=\u00a0\u00bb4.27.4&Prime; _module_preset=\u00a0\u00bbdefault\u00a0\u00bb title_text_color=\u00a0\u00bb#FFFFFF\u00a0\u00bb title_font_size=\u00a0\u00bb20px\u00a0\u00bb title_line_height=\u00a0\u00bb0.2em\u00a0\u00bb content_font_size=\u00a0\u00bb25px\u00a0\u00bb background_color=\u00a0\u00bb#FFFFFF\u00a0\u00bb background_enable_color=\u00a0\u00bbon\u00a0\u00bb custom_padding=\u00a0\u00bb0px||0px||true|false\u00a0\u00bb border_radii=\u00a0\u00bbon|20px|20px|20px|20px\u00a0\u00bb border_color_all=\u00a0\u00bbRGBA(255,255,255,0)\u00a0\u00bb border_style_all=\u00a0\u00bbnone\u00a0\u00bb box_shadow_style=\u00a0\u00bbpreset1&Prime; box_shadow_blur=\u00a0\u00bb10px\u00a0\u00bb global_colors_info=\u00a0\u00bb{}\u00a0\u00bb]<\/p>\n<div class=\"card_book\">\n<p><img decoding=\"async\" class=\"card_book__logo-partner\" src=\"https:\/\/rudolfgruenig.ch\/wp-content\/uploads\/2024\/06\/The-strategy-planning-process-1.png\" \/><\/p>\n<div class=\"card_book__content\">\n<h3 class=\"card_book__title\">2022<\/h3>\n<p class=\"card_book__authors\">Gr\u00fcnig R, K\u00fchn R, Morschett D<\/p>\n<p><a class=\"card_book__description\" href=\"https:\/\/rd.springer.com\/book\/10.1007\/978-3-030-93918-2\">The Strategy Planning Process<\/a><\/p>\n<\/div>\n<div class=\"card_book__footer\">\n<div class=\"card_book__footer-item author__footer-item\">Springer Berlin<\/div>\n<div class=\"card_book__footer-item\">3rd edition<\/div>\n<\/div>\n<\/div>\n<p>[\/dipl_image_card_carousel_item][dipl_image_card_carousel_item icon_alignment=\u00a0\u00bbcenter\u00a0\u00bb content_custom_padding=\u00a0\u00bb0px|0px|0px|0px|true|true\u00a0\u00bb _builder_version=\u00a0\u00bb4.27.4&Prime; _module_preset=\u00a0\u00bbdefault\u00a0\u00bb title_text_color=\u00a0\u00bb#FFFFFF\u00a0\u00bb title_font_size=\u00a0\u00bb20px\u00a0\u00bb content_font_size=\u00a0\u00bb25px\u00a0\u00bb background_color=\u00a0\u00bb#FFFFFF\u00a0\u00bb background_enable_color=\u00a0\u00bbon\u00a0\u00bb custom_padding=\u00a0\u00bb0px||0px||true|false\u00a0\u00bb border_radii=\u00a0\u00bbon|20px|20px|20px|20px\u00a0\u00bb border_color_all=\u00a0\u00bbRGBA(255,255,255,0)\u00a0\u00bb border_style_all=\u00a0\u00bbnone\u00a0\u00bb box_shadow_style=\u00a0\u00bbpreset1&Prime; box_shadow_blur=\u00a0\u00bb10px\u00a0\u00bb global_colors_info=\u00a0\u00bb{}\u00a0\u00bb]<\/p>\n<div class=\"card_book\">\n<p><img loading=\"lazy\" decoding=\"async\" class=\"card_book__logo-partner\" src=\"https:\/\/rudolfgruenig.ch\/wp-content\/uploads\/2024\/06\/Book.png\" alt=\"\" width=\"300\" height=\"401\" \/><\/p>\n<div class=\"card_book__content\">\n<h3 class=\"card_book__title\">2022<\/h3>\n<p class=\"card_book__authors\">Gr\u00fcnig R, K\u00fchn R, Morschett D<\/p>\n<p><a class=\"card_book__description\" href=\"https:\/\/www.haupt.ch\/buecher\/soziales-wirtschaft\/proc-d-de-planification-strat-gique.html?listtype=search&amp;searchparam=gr%C3%BCnig\">Proc\u00e9d\u00e9 de planification strat\u00e9gique<\/a><\/p>\n<\/div>\n<div class=\"card_book__footer\">\n<div class=\"card_book__footer-item author__footer-item\">Haupt Berne<\/div>\n<div class=\"card_book__footer-item\">3\u00e8me edition<\/div>\n<\/div>\n<\/div>\n<p>[\/dipl_image_card_carousel_item][dipl_image_card_carousel_item icon_alignment=\u00a0\u00bbcenter\u00a0\u00bb content_custom_padding=\u00a0\u00bb0px|0px|0px|0px|true|true\u00a0\u00bb _builder_version=\u00a0\u00bb4.27.4&Prime; _module_preset=\u00a0\u00bbdefault\u00a0\u00bb title_text_color=\u00a0\u00bb#FFFFFF\u00a0\u00bb title_font_size=\u00a0\u00bb20px\u00a0\u00bb content_font_size=\u00a0\u00bb25px\u00a0\u00bb background_color=\u00a0\u00bb#FFFFFF\u00a0\u00bb background_enable_color=\u00a0\u00bbon\u00a0\u00bb custom_padding=\u00a0\u00bb0px||0px||true|false\u00a0\u00bb border_radii=\u00a0\u00bbon|20px|20px|20px|20px\u00a0\u00bb border_color_all=\u00a0\u00bbRGBA(255,255,255,0)\u00a0\u00bb border_style_all=\u00a0\u00bbnone\u00a0\u00bb box_shadow_style=\u00a0\u00bbpreset1&Prime; box_shadow_blur=\u00a0\u00bb10px\u00a0\u00bb global_colors_info=\u00a0\u00bb{}\u00a0\u00bb]<\/p>\n<div class=\"card_book\">\n<p><img loading=\"lazy\" decoding=\"async\" class=\"wp-image-370 alignnone size-full\" src=\"https:\/\/rudolfgruenig.ch\/wp-content\/uploads\/2024\/06\/Book_Strategieplanungsprozess-%E2%80%A8.png\" alt=\"\" width=\"300\" height=\"400\" \/><\/p>\n<div class=\"card_book__content\">\n<h3 class=\"card_book__title\">2022<\/h3>\n<p class=\"card_book__authors\">Gr\u00fcnig R, K\u00fchn R, Morschett D<\/p>\n<p><a class=\"card_book__description\">Strategieplanungs-prozess<\/a><\/p>\n<\/div>\n<div class=\"card_book__footer\">\n<div class=\"card_book__footer-item author__footer-item\">Haupt Bern<\/div>\n<div class=\"card_book__footer-item\">3. Auflage<\/div>\n<\/div>\n<\/div>\n<p>[\/dipl_image_card_carousel_item][dipl_image_card_carousel_item icon_alignment=\u00a0\u00bbcenter\u00a0\u00bb content_custom_padding=\u00a0\u00bb0px|0px|0px|0px|true|true\u00a0\u00bb _builder_version=\u00a0\u00bb4.27.4&Prime; _module_preset=\u00a0\u00bbdefault\u00a0\u00bb title_text_color=\u00a0\u00bb#FFFFFF\u00a0\u00bb title_font_size=\u00a0\u00bb20px\u00a0\u00bb content_font_size=\u00a0\u00bb25px\u00a0\u00bb background_color=\u00a0\u00bb#FFFFFF\u00a0\u00bb background_enable_color=\u00a0\u00bbon\u00a0\u00bb custom_padding=\u00a0\u00bb0px||0px||true|false\u00a0\u00bb border_radii=\u00a0\u00bbon|20px|20px|20px|20px\u00a0\u00bb border_color_all=\u00a0\u00bbRGBA(255,255,255,0)\u00a0\u00bb border_style_all=\u00a0\u00bbnone\u00a0\u00bb box_shadow_style=\u00a0\u00bbpreset1&Prime; box_shadow_blur=\u00a0\u00bb10px\u00a0\u00bb global_colors_info=\u00a0\u00bb{}\u00a0\u00bb]<\/p>\n<div class=\"card_book\">\n<p><img decoding=\"async\" class=\"card_book__logo-partner\" src=\"https:\/\/rudolfgruenig.ch\/wp-content\/uploads\/2024\/06\/Book_Springer-Berlin.png\" \/><\/p>\n<div class=\"card_book__content\">\n<h3 class=\"card_book__title\">2017<\/h3>\n<p class=\"card_book__authors\">Gr\u00fcnig R, K\u00fchn R, Morschett D<\/p>\n<p><a class=\"card_book__description\" href=\"https:\/\/link.springer.com\/book\/10.1007\/978-3-662-53123-5\">Developing International Strategies<br \/><\/a><\/p>\n<\/div>\n<div class=\"card_book__footer\">\n<div class=\"card_book__footer-item author__footer-item\">Springer Berlin<\/div>\n<div class=\"card_book__footer-item\">2nd edition<\/div>\n<\/div>\n<\/div>\n<p>[\/dipl_image_card_carousel_item][dipl_image_card_carousel_item icon_alignment=\u00a0\u00bbcenter\u00a0\u00bb content_custom_padding=\u00a0\u00bb0px|0px|0px|0px|true|true\u00a0\u00bb _builder_version=\u00a0\u00bb4.25.1&Prime; _module_preset=\u00a0\u00bbdefault\u00a0\u00bb title_text_color=\u00a0\u00bb#FFFFFF\u00a0\u00bb title_font_size=\u00a0\u00bb20px\u00a0\u00bb content_font_size=\u00a0\u00bb25px\u00a0\u00bb background_color=\u00a0\u00bb#FFFFFF\u00a0\u00bb background_enable_color=\u00a0\u00bbon\u00a0\u00bb custom_padding=\u00a0\u00bb0px||0px||true|false\u00a0\u00bb border_radii=\u00a0\u00bbon|20px|20px|20px|20px\u00a0\u00bb border_color_all=\u00a0\u00bbRGBA(255,255,255,0)\u00a0\u00bb border_style_all=\u00a0\u00bbnone\u00a0\u00bb box_shadow_style=\u00a0\u00bbpreset1&Prime; box_shadow_blur=\u00a0\u00bb10px\u00a0\u00bb global_colors_info=\u00a0\u00bb{}\u00a0\u00bb]<\/p>\n<div class=\"card_book\">\n<p><img decoding=\"async\" class=\"card_book__logo-partner\" src=\"https:\/\/rudolfgruenig.ch\/wp-content\/uploads\/2024\/06\/Successfully-Managing-Complex-Companies.png\"><\/p>\n<div class=\"card_book__content\">\n<h3 class=\"card_book__title\">2023<\/h3>\n<p class=\"card_book__authors\">Gr\u00fcnig R<\/p>\n<p><a class=\"card_book__description\" href=\"https:\/\/link.springer.com\/book\/10.1007\/978-3-658-42673-6\">Successfully Managing Complex Companies<br \/>\n<\/a><\/p>\n<\/div>\n<div class=\"card_book__footer\">\n<div class=\"card_book__footer-item author__footer-item\">Springer Berlin<\/div>\n<div class=\"card_book__footer-item\"><\/div>\n<\/div>\n<\/div>\n<p>[\/dipl_image_card_carousel_item][dipl_image_card_carousel_item icon_alignment=\u00a0\u00bbcenter\u00a0\u00bb content_custom_padding=\u00a0\u00bb0px|0px|0px|0px|true|true\u00a0\u00bb _builder_version=\u00a0\u00bb4.27.4&Prime; _module_preset=\u00a0\u00bbdefault\u00a0\u00bb title_text_color=\u00a0\u00bb#FFFFFF\u00a0\u00bb title_font_size=\u00a0\u00bb20px\u00a0\u00bb content_font_size=\u00a0\u00bb25px\u00a0\u00bb background_color=\u00a0\u00bb#FFFFFF\u00a0\u00bb background_enable_color=\u00a0\u00bbon\u00a0\u00bb custom_padding=\u00a0\u00bb0px||0px||true|false\u00a0\u00bb border_radii=\u00a0\u00bbon|20px|20px|20px|20px\u00a0\u00bb border_color_all=\u00a0\u00bbRGBA(255,255,255,0)\u00a0\u00bb border_style_all=\u00a0\u00bbnone\u00a0\u00bb box_shadow_style=\u00a0\u00bbpreset1&Prime; box_shadow_blur=\u00a0\u00bb10px\u00a0\u00bb global_colors_info=\u00a0\u00bb{}\u00a0\u00bb]<\/p>\n<div class=\"card_book\">\n<p><img decoding=\"async\" class=\"card_book__logo-partner\" src=\"https:\/\/rudolfgruenig.ch\/wp-content\/uploads\/2024\/06\/book_Komplexe.png\" \/><\/p>\n<div class=\"card_book__content\">\n<h3 class=\"card_book__title\">2025<\/h3>\n<p class=\"card_book__authors\">Gr\u00fcnig R<\/p>\n<p><a class=\"card_book__description\" href=\"https:\/\/link.springer.com\/book\/10.1007\/978-3-662-69808-2\">Komplexe Unternehmen erfolgreich f\u00fchren<\/a><\/p>\n<\/div>\n<div class=\"card_book__footer\">\n<div class=\"card_book__footer-item author__footer-item\">SpringerGabler Berlin<\/div>\n<div class=\"card_book__footer-item\">2. Auflage<\/div>\n<\/div>\n<\/div>\n<p>[\/dipl_image_card_carousel_item][dipl_image_card_carousel_item icon_alignment=\u00a0\u00bbcenter\u00a0\u00bb content_custom_padding=\u00a0\u00bb0px|0px|0px|0px|true|true\u00a0\u00bb _builder_version=\u00a0\u00bb4.27.4&Prime; _module_preset=\u00a0\u00bbdefault\u00a0\u00bb title_text_color=\u00a0\u00bb#FFFFFF\u00a0\u00bb title_font_size=\u00a0\u00bb20px\u00a0\u00bb content_font_size=\u00a0\u00bb25px\u00a0\u00bb background_color=\u00a0\u00bb#FFFFFF\u00a0\u00bb background_enable_color=\u00a0\u00bbon\u00a0\u00bb custom_padding=\u00a0\u00bb0px||0px||true|false\u00a0\u00bb border_radii=\u00a0\u00bbon|20px|20px|20px|20px\u00a0\u00bb border_color_all=\u00a0\u00bbRGBA(255,255,255,0)\u00a0\u00bb border_style_all=\u00a0\u00bbnone\u00a0\u00bb box_shadow_style=\u00a0\u00bbpreset1&Prime; box_shadow_blur=\u00a0\u00bb10px\u00a0\u00bb global_colors_info=\u00a0\u00bb{}\u00a0\u00bb]<\/p>\n<div class=\"card_book\">\n<p><img loading=\"lazy\" decoding=\"async\" class=\"card_book__logo-partner\" src=\"https:\/\/rudolfgruenig.ch\/wp-content\/uploads\/2025\/08\/Solving-Complex-Decision-Problems-1-225x300.png\" width=\"225\" height=\"300\" alt=\"\" class=\"wp-image-2656 alignnone size-medium\" srcset=\"https:\/\/rudolfgruenig.ch\/wp-content\/uploads\/2025\/08\/Solving-Complex-Decision-Problems-1-225x300.png 225w, https:\/\/rudolfgruenig.ch\/wp-content\/uploads\/2025\/08\/Solving-Complex-Decision-Problems-1.png 300w\" sizes=\"(max-width: 225px) 100vw, 225px\" \/><\/p>\n<div class=\"card_book__content\">\n<h3 class=\"card_book__title\">2025<\/h3>\n<p class=\"card_book__authors\">Gr\u00fcnig R, K\u00fchn R<\/p>\n<p><a class=\"card_book__description\" href=\"https:\/\/link.springer.com\/book\/10.1007\/978-3-662-71620-5\">Solving Complex Decision Problems<\/a><\/p>\n<\/div>\n<div class=\"card_book__footer\">\n<div class=\"card_book__footer-item author__footer-item\">Springer Berlin<\/div>\n<div class=\"card_book__footer-item\">5th edition<\/div>\n<\/div>\n<\/div>\n<p>[\/dipl_image_card_carousel_item][dipl_image_card_carousel_item icon_alignment=\u00a0\u00bbcenter\u00a0\u00bb content_custom_padding=\u00a0\u00bb0px|0px|0px|0px|true|true\u00a0\u00bb _builder_version=\u00a0\u00bb4.27.4&Prime; _module_preset=\u00a0\u00bbdefault\u00a0\u00bb title_text_color=\u00a0\u00bb#FFFFFF\u00a0\u00bb title_font_size=\u00a0\u00bb20px\u00a0\u00bb content_font_size=\u00a0\u00bb25px\u00a0\u00bb background_color=\u00a0\u00bb#FFFFFF\u00a0\u00bb background_enable_color=\u00a0\u00bbon\u00a0\u00bb custom_padding=\u00a0\u00bb0px||0px||true|false\u00a0\u00bb border_radii=\u00a0\u00bbon|20px|20px|20px|20px\u00a0\u00bb border_color_all=\u00a0\u00bbRGBA(255,255,255,0)\u00a0\u00bb border_style_all=\u00a0\u00bbnone\u00a0\u00bb box_shadow_style=\u00a0\u00bbpreset1&Prime; box_shadow_blur=\u00a0\u00bb10px\u00a0\u00bb global_colors_info=\u00a0\u00bb{}\u00a0\u00bb]<\/p>\n<div class=\"card_book\">\n<p><img decoding=\"async\" class=\"card_book__logo-partner\" src=\"https:\/\/rudolfgruenig.ch\/wp-content\/uploads\/2024\/06\/Prozess-zur-Losung-komplexer-EntscheI.png\" \/><\/p>\n<div class=\"card_book__content\">\n<h3 class=\"card_book__title\">2023<\/h3>\n<p class=\"card_book__authors\">Gr\u00fcnig R, K\u00fchn R<\/p>\n<p><a class=\"card_book__description\" href=\"https:\/\/link.springer.com\/book\/10.1007\/978-3-662-67411-6\">Prozess zur L\u00f6sung komplexer Entschei-dungsprobleme<\/a><\/p>\n<\/div>\n<div class=\"card_book__footer\">\n<div class=\"card_book__footer-item author__footer-item\">SpringerGabler Berlin<\/div>\n<div class=\"card_book__footer-item\">6. Auflage<\/div>\n<\/div>\n<\/div>\n<p>[\/dipl_image_card_carousel_item][\/dipl_image_card_carousel][\/et_pb_column][\/et_pb_row][et_pb_row module_id=\u00a0\u00bbpublikationen\u00a0\u00bb _builder_version=\u00a0\u00bb4.25.1&Prime; _module_preset=\u00a0\u00bbdefault\u00a0\u00bb global_colors_info=\u00a0\u00bb{}\u00a0\u00bb][et_pb_column type=\u00a0\u00bb4_4&Prime; _builder_version=\u00a0\u00bb4.25.1&Prime; _module_preset=\u00a0\u00bbdefault\u00a0\u00bb global_colors_info=\u00a0\u00bb{}\u00a0\u00bb][et_pb_blurb title=\u00a0\u00bbListe des publications\u00a0\u00bb image=\u00a0\u00bbhttps:\/\/rudolfgruenig.ch\/wp-content\/uploads\/2024\/06\/line_2.png\u00a0\u00bb _builder_version=\u00a0\u00bb4.25.1&Prime; _module_preset=\u00a0\u00bbdefault\u00a0\u00bb header_level=\u00a0\u00bbh2&Prime; header_font=\u00a0\u00bb|600|||||||\u00a0\u00bb header_font_size=\u00a0\u00bb35px\u00a0\u00bb text_orientation=\u00a0\u00bbcenter\u00a0\u00bb custom_padding=\u00a0\u00bb||0px|||\u00a0\u00bb locked=\u00a0\u00bboff\u00a0\u00bb global_colors_info=\u00a0\u00bb{}\u00a0\u00bb][\/et_pb_blurb][\/et_pb_column][\/et_pb_row][et_pb_row _builder_version=\u00a0\u00bb4.25.1&Prime; _module_preset=\u00a0\u00bbdefault\u00a0\u00bb global_colors_info=\u00a0\u00bb{}\u00a0\u00bb][et_pb_column type=\u00a0\u00bb4_4&Prime; _builder_version=\u00a0\u00bb4.25.1&Prime; _module_preset=\u00a0\u00bbdefault\u00a0\u00bb global_colors_info=\u00a0\u00bb{}\u00a0\u00bb][et_pb_blurb use_icon=\u00a0\u00bbon\u00a0\u00bb font_icon=\u00a0\u00bb&#xe086;||divi||400&Prime; icon_color=\u00a0\u00bb#0C71C3&Prime; image_icon_background_color=\u00a0\u00bbRGBA(255,255,255,0)\u00a0\u00bb icon_placement=\u00a0\u00bbleft\u00a0\u00bb image_icon_width=\u00a0\u00bb25px\u00a0\u00bb content_max_width=\u00a0\u00bb100%\u00a0\u00bb module_class=\u00a0\u00bbtimeline_icon_text\u00a0\u00bb _builder_version=\u00a0\u00bb4.27.4&Prime; _module_preset=\u00a0\u00bbdefault\u00a0\u00bb header_text_align=\u00a0\u00bbcenter\u00a0\u00bb body_font_size=\u00a0\u00bb18px\u00a0\u00bb custom_margin=\u00a0\u00bb0px||15px||false|false\u00a0\u00bb custom_padding=\u00a0\u00bb0px||0px||true|false\u00a0\u00bb animation=\u00a0\u00bboff\u00a0\u00bb custom_css_free_form=\u00a0\u00bbselector{|| float:left !important;|| width:100%;||}\u00a0\u00bb global_colors_info=\u00a0\u00bb{}\u00a0\u00bb]<\/p>\n<p><strong>Gr\u00fcnig R, K\u00fchn R (2025)<\/strong> Solving Complex Decision Problems, 5th edition, Springer Berlin<\/p>\n<p>[\/et_pb_blurb][et_pb_blurb use_icon=\u00a0\u00bbon\u00a0\u00bb font_icon=\u00a0\u00bb&#xe086;||divi||400&Prime; icon_color=\u00a0\u00bb#0C71C3&Prime; image_icon_background_color=\u00a0\u00bbRGBA(255,255,255,0)\u00a0\u00bb icon_placement=\u00a0\u00bbleft\u00a0\u00bb image_icon_width=\u00a0\u00bb25px\u00a0\u00bb content_max_width=\u00a0\u00bb100%\u00a0\u00bb module_class=\u00a0\u00bbtimeline_icon_text\u00a0\u00bb _builder_version=\u00a0\u00bb4.27.4&Prime; _module_preset=\u00a0\u00bbdefault\u00a0\u00bb header_text_align=\u00a0\u00bbcenter\u00a0\u00bb body_font_size=\u00a0\u00bb18px\u00a0\u00bb custom_margin=\u00a0\u00bb0px||15px||false|false\u00a0\u00bb custom_padding=\u00a0\u00bb0px||0px||true|false\u00a0\u00bb animation=\u00a0\u00bboff\u00a0\u00bb custom_css_free_form=\u00a0\u00bbselector{|| float:left !important;|| width:100%;||}\u00a0\u00bb global_colors_info=\u00a0\u00bb{}\u00a0\u00bb]<\/p>\n<p><strong>Gr\u00fcnig R (2025)<\/strong> Komplexe Unternehmen erfolgreich f\u00fchren, 2. Auflage, SpringerGabler Berlin<\/p>\n<p>[\/et_pb_blurb][et_pb_blurb use_icon=\u00a0\u00bbon\u00a0\u00bb font_icon=\u00a0\u00bb&#xe086;||divi||400&Prime; icon_color=\u00a0\u00bb#0C71C3&Prime; image_icon_background_color=\u00a0\u00bbRGBA(255,255,255,0)\u00a0\u00bb icon_placement=\u00a0\u00bbleft\u00a0\u00bb image_icon_width=\u00a0\u00bb25px\u00a0\u00bb content_max_width=\u00a0\u00bb100%\u00a0\u00bb module_class=\u00a0\u00bbtimeline_icon_text\u00a0\u00bb _builder_version=\u00a0\u00bb4.27.4&Prime; _module_preset=\u00a0\u00bbdefault\u00a0\u00bb header_text_align=\u00a0\u00bbcenter\u00a0\u00bb body_font_size=\u00a0\u00bb18px\u00a0\u00bb custom_margin=\u00a0\u00bb0px||15px||false|false\u00a0\u00bb custom_padding=\u00a0\u00bb0px||0px||true|false\u00a0\u00bb animation=\u00a0\u00bboff\u00a0\u00bb custom_css_free_form=\u00a0\u00bbselector{|| float:left !important;|| width:100%;||}\u00a0\u00bb global_colors_info=\u00a0\u00bb{}\u00a0\u00bb]<\/p>\n<p><strong>Gr\u00fcnig R, K\u00fchn R (2023)<\/strong> Prozess zur L\u00f6sung komplexer Entscheidungsprobleme, 6. Auflage, SpringerGabler Berlin<\/p>\n<p>[\/et_pb_blurb][et_pb_blurb use_icon=\u00a0\u00bbon\u00a0\u00bb font_icon=\u00a0\u00bb&#xe086;||divi||400&Prime; icon_color=\u00a0\u00bb#0C71C3&Prime; image_icon_background_color=\u00a0\u00bbRGBA(255,255,255,0)\u00a0\u00bb icon_placement=\u00a0\u00bbleft\u00a0\u00bb image_icon_width=\u00a0\u00bb25px\u00a0\u00bb content_max_width=\u00a0\u00bb100%\u00a0\u00bb module_class=\u00a0\u00bbtimeline_icon_text\u00a0\u00bb _builder_version=\u00a0\u00bb4.27.4&Prime; _module_preset=\u00a0\u00bbdefault\u00a0\u00bb header_text_align=\u00a0\u00bbcenter\u00a0\u00bb body_font_size=\u00a0\u00bb18px\u00a0\u00bb custom_margin=\u00a0\u00bb||13px||false|false\u00a0\u00bb animation=\u00a0\u00bboff\u00a0\u00bb custom_css_free_form=\u00a0\u00bbselector{|| float:left !important;|| width:100%;||}\u00a0\u00bb global_colors_info=\u00a0\u00bb{}\u00a0\u00bb]<\/p>\n<p><strong>Gr\u00fcnig R (2023)<\/strong> Successfully Managing Complex Companies, Springer Berlin<\/p>\n<p>[\/et_pb_blurb][et_pb_blurb use_icon=\u00a0\u00bbon\u00a0\u00bb font_icon=\u00a0\u00bb&#xe086;||divi||400&Prime; icon_color=\u00a0\u00bb#0C71C3&Prime; image_icon_background_color=\u00a0\u00bbRGBA(255,255,255,0)\u00a0\u00bb icon_placement=\u00a0\u00bbleft\u00a0\u00bb image_icon_width=\u00a0\u00bb25px\u00a0\u00bb content_max_width=\u00a0\u00bb100%\u00a0\u00bb module_class=\u00a0\u00bbtimeline_icon_text\u00a0\u00bb _builder_version=\u00a0\u00bb4.27.4&Prime; _module_preset=\u00a0\u00bbdefault\u00a0\u00bb header_text_align=\u00a0\u00bbcenter\u00a0\u00bb body_font_size=\u00a0\u00bb18px\u00a0\u00bb custom_margin=\u00a0\u00bb||13px||false|false\u00a0\u00bb animation=\u00a0\u00bboff\u00a0\u00bb custom_css_free_form=\u00a0\u00bbselector{|| float:left !important;|| width:100%;||}\u00a0\u00bb global_colors_info=\u00a0\u00bb{}\u00a0\u00bb]<\/p>\n<p><strong>Gr\u00fcnig R, K\u00fchn R, Morschett D (2022)<\/strong> <span>Strategieplanungsprozess, 3. Auflage, Haupt Bern<\/span><\/p>\n<p>[\/et_pb_blurb][et_pb_blurb use_icon=\u00a0\u00bbon\u00a0\u00bb font_icon=\u00a0\u00bb&#xe086;||divi||400&Prime; icon_color=\u00a0\u00bb#0C71C3&Prime; image_icon_background_color=\u00a0\u00bbRGBA(255,255,255,0)\u00a0\u00bb icon_placement=\u00a0\u00bbleft\u00a0\u00bb image_icon_width=\u00a0\u00bb25px\u00a0\u00bb content_max_width=\u00a0\u00bb100%\u00a0\u00bb module_class=\u00a0\u00bbtimeline_icon_text\u00a0\u00bb _builder_version=\u00a0\u00bb4.27.4&Prime; _module_preset=\u00a0\u00bbdefault\u00a0\u00bb header_text_align=\u00a0\u00bbcenter\u00a0\u00bb body_font_size=\u00a0\u00bb18px\u00a0\u00bb custom_margin=\u00a0\u00bb||13px||false|false\u00a0\u00bb animation=\u00a0\u00bboff\u00a0\u00bb custom_css_free_form=\u00a0\u00bbselector{|| float:left !important;|| width:100%;||}\u00a0\u00bb global_colors_info=\u00a0\u00bb{}\u00a0\u00bb]<\/p>\n<p><strong>Gr\u00fcnig R, K\u00fchn R, Morschett D (2022)<\/strong> <span>Proc\u00e9d\u00e9 de planification strat\u00e9gique, 3\u00e8me \u00e9dition, Haupt Berne<\/span><\/p>\n<p>[\/et_pb_blurb][et_pb_blurb use_icon=\u00a0\u00bbon\u00a0\u00bb font_icon=\u00a0\u00bb&#xe086;||divi||400&Prime; icon_color=\u00a0\u00bb#0C71C3&Prime; image_icon_background_color=\u00a0\u00bbRGBA(255,255,255,0)\u00a0\u00bb icon_placement=\u00a0\u00bbleft\u00a0\u00bb image_icon_width=\u00a0\u00bb25px\u00a0\u00bb content_max_width=\u00a0\u00bb100%\u00a0\u00bb module_class=\u00a0\u00bbtimeline_icon_text\u00a0\u00bb _builder_version=\u00a0\u00bb4.27.4&Prime; _module_preset=\u00a0\u00bbdefault\u00a0\u00bb header_text_align=\u00a0\u00bbcenter\u00a0\u00bb body_font_size=\u00a0\u00bb18px\u00a0\u00bb custom_margin=\u00a0\u00bb||13px||false|false\u00a0\u00bb animation=\u00a0\u00bboff\u00a0\u00bb custom_css_free_form=\u00a0\u00bbselector{|| float:left !important;|| width:100%;||}\u00a0\u00bb global_colors_info=\u00a0\u00bb{}\u00a0\u00bb]<\/p>\n<p><strong>Gr\u00fcnig R, K\u00fchn R, Morschett D (2022)<\/strong> <span>The Strategy Planning Process, 3rd edition, Springer Berlin<\/span><\/p>\n<p>[\/et_pb_blurb][et_pb_blurb use_icon=\u00a0\u00bbon\u00a0\u00bb font_icon=\u00a0\u00bb&#xe086;||divi||400&Prime; icon_color=\u00a0\u00bb#0C71C3&Prime; image_icon_background_color=\u00a0\u00bbRGBA(255,255,255,0)\u00a0\u00bb icon_placement=\u00a0\u00bbleft\u00a0\u00bb image_icon_width=\u00a0\u00bb25px\u00a0\u00bb content_max_width=\u00a0\u00bb100%\u00a0\u00bb module_class=\u00a0\u00bbtimeline_icon_text\u00a0\u00bb _builder_version=\u00a0\u00bb4.25.1&Prime; _module_preset=\u00a0\u00bbdefault\u00a0\u00bb header_text_align=\u00a0\u00bbcenter\u00a0\u00bb body_font_size=\u00a0\u00bb18px\u00a0\u00bb custom_margin=\u00a0\u00bb||13px||false|false\u00a0\u00bb animation=\u00a0\u00bboff\u00a0\u00bb custom_css_free_form=\u00a0\u00bbselector{|| float:left !important;|| width:100%;||}\u00a0\u00bb global_colors_info=\u00a0\u00bb{}\u00a0\u00bb]<strong>Gr\u00fcnig R, K\u00fchn R (2018)<\/strong> Strategic Planning, in : Heath R.L., Johansen W. (ed.) The International Encyclopedia of Strategic Communication, John Wiley 2018, S. 1ff.<br \/>\n[\/et_pb_blurb][et_pb_blurb use_icon=\u00a0\u00bbon\u00a0\u00bb font_icon=\u00a0\u00bb&#xe086;||divi||400&Prime; icon_color=\u00a0\u00bb#0C71C3&Prime; image_icon_background_color=\u00a0\u00bbRGBA(255,255,255,0)\u00a0\u00bb icon_placement=\u00a0\u00bbleft\u00a0\u00bb image_icon_width=\u00a0\u00bb25px\u00a0\u00bb content_max_width=\u00a0\u00bb100%\u00a0\u00bb module_class=\u00a0\u00bbtimeline_icon_text\u00a0\u00bb _builder_version=\u00a0\u00bb4.27.4&Prime; _module_preset=\u00a0\u00bbdefault\u00a0\u00bb header_text_align=\u00a0\u00bbcenter\u00a0\u00bb body_font_size=\u00a0\u00bb18px\u00a0\u00bb custom_margin=\u00a0\u00bb||13px||false|false\u00a0\u00bb animation=\u00a0\u00bboff\u00a0\u00bb custom_css_free_form=\u00a0\u00bbselector{|| float:left !important;|| width:100%;||}\u00a0\u00bb global_colors_info=\u00a0\u00bb{}\u00a0\u00bb]<\/p>\n<p><strong>Gr\u00fcnig R, Morschett D (2017)<\/strong> Developing International Strategies, 2nd edition, Springer Berlin<\/p>\n<p>[\/et_pb_blurb][et_pb_blurb use_icon=\u00a0\u00bbon\u00a0\u00bb font_icon=\u00a0\u00bb&#xe086;||divi||400&Prime; icon_color=\u00a0\u00bb#0C71C3&Prime; image_icon_background_color=\u00a0\u00bbRGBA(255,255,255,0)\u00a0\u00bb icon_placement=\u00a0\u00bbleft\u00a0\u00bb image_icon_width=\u00a0\u00bb25px\u00a0\u00bb content_max_width=\u00a0\u00bb100%\u00a0\u00bb module_class=\u00a0\u00bbtimeline_icon_text\u00a0\u00bb _builder_version=\u00a0\u00bb4.25.1&Prime; _module_preset=\u00a0\u00bbdefault\u00a0\u00bb header_text_align=\u00a0\u00bbcenter\u00a0\u00bb body_font_size=\u00a0\u00bb18px\u00a0\u00bb custom_margin=\u00a0\u00bb||13px||false|false\u00a0\u00bb animation=\u00a0\u00bboff\u00a0\u00bb custom_css_free_form=\u00a0\u00bbselector{|| float:left !important;|| width:100%;||}\u00a0\u00bb global_colors_info=\u00a0\u00bb{}\u00a0\u00bb]<strong>Gr\u00fcnig R, K\u00fchn R (2013)<\/strong> Successful Decision-Making, version chinoise, Central Compilation &amp; Translation Press Beijing<br \/>\n[\/et_pb_blurb][et_pb_blurb use_icon=\u00a0\u00bbon\u00a0\u00bb font_icon=\u00a0\u00bb&#xe086;||divi||400&Prime; icon_color=\u00a0\u00bb#0C71C3&Prime; image_icon_background_color=\u00a0\u00bbRGBA(255,255,255,0)\u00a0\u00bb icon_placement=\u00a0\u00bbleft\u00a0\u00bb image_icon_width=\u00a0\u00bb25px\u00a0\u00bb content_max_width=\u00a0\u00bb100%\u00a0\u00bb module_class=\u00a0\u00bbtimeline_icon_text\u00a0\u00bb _builder_version=\u00a0\u00bb4.25.1&Prime; _module_preset=\u00a0\u00bbdefault\u00a0\u00bb header_text_align=\u00a0\u00bbcenter\u00a0\u00bb body_font_size=\u00a0\u00bb18px\u00a0\u00bb custom_margin=\u00a0\u00bb||13px||false|false\u00a0\u00bb animation=\u00a0\u00bboff\u00a0\u00bb custom_css_free_form=\u00a0\u00bbselector{|| float:left !important;|| width:100%;||}\u00a0\u00bb global_colors_info=\u00a0\u00bb{}\u00a0\u00bb]<strong>Gr\u00fcnig R (2013)<\/strong> Engagements subsidiaires et obligation de servir, in : NZZ<br \/>\n[\/et_pb_blurb][et_pb_blurb use_icon=\u00a0\u00bbon\u00a0\u00bb font_icon=\u00a0\u00bb&#xe086;||divi||400&Prime; icon_color=\u00a0\u00bb#0C71C3&Prime; image_icon_background_color=\u00a0\u00bbRGBA(255,255,255,0)\u00a0\u00bb icon_placement=\u00a0\u00bbleft\u00a0\u00bb image_icon_width=\u00a0\u00bb25px\u00a0\u00bb content_max_width=\u00a0\u00bb100%\u00a0\u00bb module_class=\u00a0\u00bbtimeline_icon_text\u00a0\u00bb _builder_version=\u00a0\u00bb4.25.1&Prime; _module_preset=\u00a0\u00bbdefault\u00a0\u00bb header_text_align=\u00a0\u00bbcenter\u00a0\u00bb body_font_size=\u00a0\u00bb18px\u00a0\u00bb custom_margin=\u00a0\u00bb||13px||false|false\u00a0\u00bb animation=\u00a0\u00bboff\u00a0\u00bb custom_css_free_form=\u00a0\u00bbselector{|| float:left !important;|| width:100%;||}\u00a0\u00bb global_colors_info=\u00a0\u00bb{}\u00a0\u00bb]<strong>Gr\u00fcnig R, K\u00fchn R (2012)<\/strong> Planifier la strat\u00e9gie, 3\u00e8me \u00e9dition, Presses polytechniques et universitaires romandes Lausanne<br \/>\n[\/et_pb_blurb][et_pb_blurb use_icon=\u00a0\u00bbon\u00a0\u00bb font_icon=\u00a0\u00bb&#xe086;||divi||400&Prime; icon_color=\u00a0\u00bb#0C71C3&Prime; image_icon_background_color=\u00a0\u00bbRGBA(255,255,255,0)\u00a0\u00bb icon_placement=\u00a0\u00bbleft\u00a0\u00bb image_icon_width=\u00a0\u00bb25px\u00a0\u00bb content_max_width=\u00a0\u00bb100%\u00a0\u00bb module_class=\u00a0\u00bbtimeline_icon_text\u00a0\u00bb _builder_version=\u00a0\u00bb4.27.4&Prime; _module_preset=\u00a0\u00bbdefault\u00a0\u00bb header_text_align=\u00a0\u00bbcenter\u00a0\u00bb body_font_size=\u00a0\u00bb18px\u00a0\u00bb custom_margin=\u00a0\u00bb||13px||false|false\u00a0\u00bb animation=\u00a0\u00bboff\u00a0\u00bb hover_enabled=\u00a0\u00bb0&Prime; custom_css_free_form=\u00a0\u00bbselector{|| float:left !important;|| width:100%;||}\u00a0\u00bb global_colors_info=\u00a0\u00bb{}\u00a0\u00bb sticky_enabled=\u00a0\u00bb0&Prime;]<\/p>\n<p><strong>Gr\u00fcnig R, K\u00fchn R (2011)<\/strong> Methodik der strategischen Planung, 6. Auflage, Haupt Bern<\/p>\n<p>[\/et_pb_blurb][et_pb_blurb use_icon=\u00a0\u00bbon\u00a0\u00bb font_icon=\u00a0\u00bb&#xe086;||divi||400&Prime; icon_color=\u00a0\u00bb#0C71C3&Prime; image_icon_background_color=\u00a0\u00bbRGBA(255,255,255,0)\u00a0\u00bb icon_placement=\u00a0\u00bbleft\u00a0\u00bb image_icon_width=\u00a0\u00bb25px\u00a0\u00bb content_max_width=\u00a0\u00bb100%\u00a0\u00bb module_class=\u00a0\u00bbtimeline_icon_text\u00a0\u00bb _builder_version=\u00a0\u00bb4.25.1&Prime; _module_preset=\u00a0\u00bbdefault\u00a0\u00bb header_text_align=\u00a0\u00bbcenter\u00a0\u00bb body_font_size=\u00a0\u00bb18px\u00a0\u00bb custom_margin=\u00a0\u00bb||13px||false|false\u00a0\u00bb animation=\u00a0\u00bboff\u00a0\u00bb custom_css_free_form=\u00a0\u00bbselector{|| float:left !important;|| width:100%;||}\u00a0\u00bb global_colors_info=\u00a0\u00bb{}\u00a0\u00bb]<strong>Gr\u00fcnig R, K\u00fchn R (2011)<\/strong> Process-based Strategic Planning, 6\u00e8me \u00e9dition, Springer Berlin<br \/>\n[\/et_pb_blurb][et_pb_blurb use_icon=\u00a0\u00bbon\u00a0\u00bb font_icon=\u00a0\u00bb&#xe086;||divi||400&Prime; icon_color=\u00a0\u00bb#0C71C3&Prime; image_icon_background_color=\u00a0\u00bbRGBA(255,255,255,0)\u00a0\u00bb icon_placement=\u00a0\u00bbleft\u00a0\u00bb image_icon_width=\u00a0\u00bb25px\u00a0\u00bb content_max_width=\u00a0\u00bb100%\u00a0\u00bb module_class=\u00a0\u00bbtimeline_icon_text\u00a0\u00bb _builder_version=\u00a0\u00bb4.25.1&Prime; _module_preset=\u00a0\u00bbdefault\u00a0\u00bb header_text_align=\u00a0\u00bbcenter\u00a0\u00bb body_font_size=\u00a0\u00bb18px\u00a0\u00bb custom_margin=\u00a0\u00bb||13px||false|false\u00a0\u00bb animation=\u00a0\u00bboff\u00a0\u00bb custom_css_free_form=\u00a0\u00bbselector{|| float:left !important;|| width:100%;||}\u00a0\u00bb global_colors_info=\u00a0\u00bb{}\u00a0\u00bb]<strong>Rohe A, Gr\u00fcnig R (2010)<\/strong> Strat\u00e9gie sous incertitude, Working Paper No. 412, Facult\u00e9 des sciences \u00e9conomiques et sociales, Universit\u00e9 de Fribourg<br \/>\n[\/et_pb_blurb][et_pb_blurb use_icon=\u00a0\u00bbon\u00a0\u00bb font_icon=\u00a0\u00bb&#xe086;||divi||400&Prime; icon_color=\u00a0\u00bb#0C71C3&Prime; image_icon_background_color=\u00a0\u00bbRGBA(255,255,255,0)\u00a0\u00bb icon_placement=\u00a0\u00bbleft\u00a0\u00bb image_icon_width=\u00a0\u00bb25px\u00a0\u00bb content_max_width=\u00a0\u00bb100%\u00a0\u00bb module_class=\u00a0\u00bbtimeline_icon_text\u00a0\u00bb _builder_version=\u00a0\u00bb4.25.1&Prime; _module_preset=\u00a0\u00bbdefault\u00a0\u00bb header_text_align=\u00a0\u00bbcenter\u00a0\u00bb body_font_size=\u00a0\u00bb18px\u00a0\u00bb custom_margin=\u00a0\u00bb||13px||false|false\u00a0\u00bb animation=\u00a0\u00bboff\u00a0\u00bb custom_css_free_form=\u00a0\u00bbselector{|| float:left !important;|| width:100%;||}\u00a0\u00bb global_colors_info=\u00a0\u00bb{}\u00a0\u00bb]<strong>Munz M, Gr\u00fcnig R, Seiler S (2009)<\/strong> Ma\u00eetriser les probl\u00e8mes complexes avec la m\u00e9thodologie de d\u00e9cision militaire, dans : ASMZ 01\/02\/09, p. 20 et suivantes.<br \/>\n[\/et_pb_blurb][et_pb_blurb use_icon=\u00a0\u00bbon\u00a0\u00bb font_icon=\u00a0\u00bb&#xe086;||divi||400&Prime; icon_color=\u00a0\u00bb#0C71C3&Prime; image_icon_background_color=\u00a0\u00bbRGBA(255,255,255,0)\u00a0\u00bb icon_placement=\u00a0\u00bbleft\u00a0\u00bb image_icon_width=\u00a0\u00bb25px\u00a0\u00bb content_max_width=\u00a0\u00bb100%\u00a0\u00bb module_class=\u00a0\u00bbtimeline_icon_text\u00a0\u00bb _builder_version=\u00a0\u00bb4.25.1&Prime; _module_preset=\u00a0\u00bbdefault\u00a0\u00bb header_text_align=\u00a0\u00bbcenter\u00a0\u00bb body_font_size=\u00a0\u00bb18px\u00a0\u00bb custom_margin=\u00a0\u00bb||13px||false|false\u00a0\u00bb animation=\u00a0\u00bboff\u00a0\u00bb custom_css_free_form=\u00a0\u00bbselector{|| float:left !important;|| width:100%;||}\u00a0\u00bb global_colors_info=\u00a0\u00bb{}\u00a0\u00bb]<strong>Gr\u00fcnig R, K\u00fchn R (2009)<\/strong> Process-based Strategic Planning, version vietnamienne, 3e \u00e9dition, Publishing House for Science and Technology Ho Chi Minh City.<br \/>\n[\/et_pb_blurb][et_pb_blurb use_icon=\u00a0\u00bbon\u00a0\u00bb font_icon=\u00a0\u00bb&#xe086;||divi||400&Prime; icon_color=\u00a0\u00bb#0C71C3&Prime; image_icon_background_color=\u00a0\u00bbRGBA(255,255,255,0)\u00a0\u00bb icon_placement=\u00a0\u00bbleft\u00a0\u00bb image_icon_width=\u00a0\u00bb25px\u00a0\u00bb content_max_width=\u00a0\u00bb100%\u00a0\u00bb module_class=\u00a0\u00bbtimeline_icon_text\u00a0\u00bb _builder_version=\u00a0\u00bb4.25.1&Prime; _module_preset=\u00a0\u00bbdefault\u00a0\u00bb header_text_align=\u00a0\u00bbcenter\u00a0\u00bb body_font_size=\u00a0\u00bb18px\u00a0\u00bb custom_margin=\u00a0\u00bb||13px||false|false\u00a0\u00bb animation=\u00a0\u00bboff\u00a0\u00bb custom_css_free_form=\u00a0\u00bbselector{|| float:left !important;|| width:100%;||}\u00a0\u00bb global_colors_info=\u00a0\u00bb{}\u00a0\u00bb]<strong>Gr\u00fcnig R (2008)<\/strong> Existe-t-il une gouvernance militaire ?, in : Wunderer R. (\u00e9d.) : Corporate Governance &#8211; zur personalen und soziale Dimension, Cologne, p. 151 ss.<br \/>\n[\/et_pb_blurb][et_pb_blurb use_icon=\u00a0\u00bbon\u00a0\u00bb font_icon=\u00a0\u00bb&#xe086;||divi||400&Prime; icon_color=\u00a0\u00bb#0C71C3&Prime; image_icon_background_color=\u00a0\u00bbRGBA(255,255,255,0)\u00a0\u00bb icon_placement=\u00a0\u00bbleft\u00a0\u00bb image_icon_width=\u00a0\u00bb25px\u00a0\u00bb content_max_width=\u00a0\u00bb100%\u00a0\u00bb module_class=\u00a0\u00bbtimeline_icon_text\u00a0\u00bb _builder_version=\u00a0\u00bb4.25.1&Prime; _module_preset=\u00a0\u00bbdefault\u00a0\u00bb header_text_align=\u00a0\u00bbcenter\u00a0\u00bb body_font_size=\u00a0\u00bb18px\u00a0\u00bb custom_margin=\u00a0\u00bb||13px||false|false\u00a0\u00bb animation=\u00a0\u00bboff\u00a0\u00bb custom_css_free_form=\u00a0\u00bbselector{|| float:left !important;|| width:100%;||}\u00a0\u00bb global_colors_info=\u00a0\u00bb{}\u00a0\u00bb]<strong>Gr\u00fcnig R, K\u00fchn R (2008)<\/strong> Betriebswirtschaftliche Entscheidung, in : H\u00e4berle, S. G. (\u00e9d.) : Das neue Lexikon der Betriebswirtschaftslehre, Munich, p. 361 et suivantes.<br \/>\n[\/et_pb_blurb][et_pb_blurb use_icon=\u00a0\u00bbon\u00a0\u00bb font_icon=\u00a0\u00bb&#xe086;||divi||400&Prime; icon_color=\u00a0\u00bb#0C71C3&Prime; image_icon_background_color=\u00a0\u00bbRGBA(255,255,255,0)\u00a0\u00bb icon_placement=\u00a0\u00bbleft\u00a0\u00bb image_icon_width=\u00a0\u00bb25px\u00a0\u00bb content_max_width=\u00a0\u00bb100%\u00a0\u00bb module_class=\u00a0\u00bbtimeline_icon_text\u00a0\u00bb _builder_version=\u00a0\u00bb4.25.1&Prime; _module_preset=\u00a0\u00bbdefault\u00a0\u00bb header_text_align=\u00a0\u00bbcenter\u00a0\u00bb body_font_size=\u00a0\u00bb18px\u00a0\u00bb custom_margin=\u00a0\u00bb||13px||false|false\u00a0\u00bb animation=\u00a0\u00bboff\u00a0\u00bb custom_css_free_form=\u00a0\u00bbselector{|| float:left !important;|| width:100%;||}\u00a0\u00bb global_colors_info=\u00a0\u00bb{}\u00a0\u00bb]<strong>Gr\u00fcnig R, Swierczek F (2008)<\/strong> Comparative Lessons in Military Command and Business Management, in : ASMZ Nr. 08, S. 32ff.<br \/>\n[\/et_pb_blurb][et_pb_blurb use_icon=\u00a0\u00bbon\u00a0\u00bb font_icon=\u00a0\u00bb&#xe086;||divi||400&Prime; icon_color=\u00a0\u00bb#0C71C3&Prime; image_icon_background_color=\u00a0\u00bbRGBA(255,255,255,0)\u00a0\u00bb icon_placement=\u00a0\u00bbleft\u00a0\u00bb image_icon_width=\u00a0\u00bb25px\u00a0\u00bb content_max_width=\u00a0\u00bb100%\u00a0\u00bb module_class=\u00a0\u00bbtimeline_icon_text\u00a0\u00bb _builder_version=\u00a0\u00bb4.25.1&Prime; _module_preset=\u00a0\u00bbdefault\u00a0\u00bb header_text_align=\u00a0\u00bbcenter\u00a0\u00bb body_font_size=\u00a0\u00bb18px\u00a0\u00bb custom_margin=\u00a0\u00bb||13px||false|false\u00a0\u00bb animation=\u00a0\u00bboff\u00a0\u00bb custom_css_free_form=\u00a0\u00bbselector{|| float:left !important;|| width:100%;||}\u00a0\u00bb global_colors_info=\u00a0\u00bb{}\u00a0\u00bb]<strong>Gr\u00fcnig R (2006)<\/strong> M\u00e9thodes et instruments dans la conduite de l&rsquo;arm\u00e9e et des entreprises, dans : Annen H., Zwygart U. (\u00e9d.) : Das Ruder in der Hand, Aspekte der F\u00fchrung und Ausbildung in Armee, Wirtschaft und Politik Frauenfeld, p. 143 ss.<br \/>\n[\/et_pb_blurb][et_pb_blurb use_icon=\u00a0\u00bbon\u00a0\u00bb font_icon=\u00a0\u00bb&#xe086;||divi||400&Prime; icon_color=\u00a0\u00bb#0C71C3&Prime; image_icon_background_color=\u00a0\u00bbRGBA(255,255,255,0)\u00a0\u00bb icon_placement=\u00a0\u00bbleft\u00a0\u00bb image_icon_width=\u00a0\u00bb25px\u00a0\u00bb content_max_width=\u00a0\u00bb100%\u00a0\u00bb module_class=\u00a0\u00bbtimeline_icon_text\u00a0\u00bb _builder_version=\u00a0\u00bb4.25.1&Prime; _module_preset=\u00a0\u00bbdefault\u00a0\u00bb header_text_align=\u00a0\u00bbcenter\u00a0\u00bb body_font_size=\u00a0\u00bb18px\u00a0\u00bb custom_margin=\u00a0\u00bb||13px||false|false\u00a0\u00bb animation=\u00a0\u00bboff\u00a0\u00bb custom_css_free_form=\u00a0\u00bbselector{|| float:left !important;|| width:100%;||}\u00a0\u00bb global_colors_info=\u00a0\u00bb{}\u00a0\u00bb]<strong>Gr\u00fcnig R, K\u00fchn R (2005)<\/strong> Process-based Strategic Planning, version chinoise, Central Compilation &amp; Translation Press Beijing<br \/>\n[\/et_pb_blurb][et_pb_blurb use_icon=\u00a0\u00bbon\u00a0\u00bb font_icon=\u00a0\u00bb&#xe086;||divi||400&Prime; icon_color=\u00a0\u00bb#0C71C3&Prime; image_icon_background_color=\u00a0\u00bbRGBA(255,255,255,0)\u00a0\u00bb icon_placement=\u00a0\u00bbleft\u00a0\u00bb image_icon_width=\u00a0\u00bb25px\u00a0\u00bb content_max_width=\u00a0\u00bb100%\u00a0\u00bb module_class=\u00a0\u00bbtimeline_icon_text\u00a0\u00bb _builder_version=\u00a0\u00bb4.25.1&Prime; _module_preset=\u00a0\u00bbdefault\u00a0\u00bb header_text_align=\u00a0\u00bbcenter\u00a0\u00bb body_font_size=\u00a0\u00bb18px\u00a0\u00bb custom_margin=\u00a0\u00bb||13px||false|false\u00a0\u00bb animation=\u00a0\u00bboff\u00a0\u00bb custom_css_free_form=\u00a0\u00bbselector{|| float:left !important;|| width:100%;||}\u00a0\u00bb global_colors_info=\u00a0\u00bb{}\u00a0\u00bb]<strong>Gr\u00fcnig R (2002)<\/strong> Planification et contr\u00f4le, Haupt Bern<br \/>\n[\/et_pb_blurb][et_pb_blurb use_icon=\u00a0\u00bbon\u00a0\u00bb font_icon=\u00a0\u00bb&#xe086;||divi||400&Prime; icon_color=\u00a0\u00bb#0C71C3&Prime; image_icon_background_color=\u00a0\u00bbRGBA(255,255,255,0)\u00a0\u00bb icon_placement=\u00a0\u00bbleft\u00a0\u00bb image_icon_width=\u00a0\u00bb25px\u00a0\u00bb content_max_width=\u00a0\u00bb100%\u00a0\u00bb module_class=\u00a0\u00bbtimeline_icon_text\u00a0\u00bb _builder_version=\u00a0\u00bb4.25.1&Prime; _module_preset=\u00a0\u00bbdefault\u00a0\u00bb header_text_align=\u00a0\u00bbcenter\u00a0\u00bb body_font_size=\u00a0\u00bb18px\u00a0\u00bb custom_margin=\u00a0\u00bb||13px||false|false\u00a0\u00bb animation=\u00a0\u00bboff\u00a0\u00bb custom_css_free_form=\u00a0\u00bbselector{|| float:left !important;|| width:100%;||}\u00a0\u00bb global_colors_info=\u00a0\u00bb{}\u00a0\u00bb]<strong>K\u00fchn R, Gr\u00fcnig R (2000)<\/strong> Grundlagen der strategischen Planung, deuxi\u00e8me \u00e9dition, Haupt Berne<br \/>\n[\/et_pb_blurb][et_pb_blurb use_icon=\u00a0\u00bbon\u00a0\u00bb font_icon=\u00a0\u00bb&#xe086;||divi||400&Prime; icon_color=\u00a0\u00bb#0C71C3&Prime; image_icon_background_color=\u00a0\u00bbRGBA(255,255,255,0)\u00a0\u00bb icon_placement=\u00a0\u00bbleft\u00a0\u00bb image_icon_width=\u00a0\u00bb25px\u00a0\u00bb content_max_width=\u00a0\u00bb100%\u00a0\u00bb module_class=\u00a0\u00bbtimeline_icon_text\u00a0\u00bb _builder_version=\u00a0\u00bb4.25.1&Prime; _module_preset=\u00a0\u00bbdefault\u00a0\u00bb header_text_align=\u00a0\u00bbcenter\u00a0\u00bb body_font_size=\u00a0\u00bb18px\u00a0\u00bb custom_margin=\u00a0\u00bb||13px||false|false\u00a0\u00bb animation=\u00a0\u00bboff\u00a0\u00bb custom_css_free_form=\u00a0\u00bbselector{|| float:left !important;|| width:100%;||}\u00a0\u00bb global_colors_info=\u00a0\u00bb{}\u00a0\u00bb]<strong>Gr\u00fcnig R, Bl\u00fcmle E-B (1999)<\/strong> Strategische Allianzen in der Graphischen Industrie, dans : Rudolf Gr\u00fcnig\/Martial Pasquier (\u00e9d.) : Strategisches Management und Marketing, Haupt Bern, p. 57 ss.<br \/>\n[\/et_pb_blurb][et_pb_blurb use_icon=\u00a0\u00bbon\u00a0\u00bb font_icon=\u00a0\u00bb&#xe086;||divi||400&Prime; icon_color=\u00a0\u00bb#0C71C3&Prime; image_icon_background_color=\u00a0\u00bbRGBA(255,255,255,0)\u00a0\u00bb icon_placement=\u00a0\u00bbleft\u00a0\u00bb image_icon_width=\u00a0\u00bb25px\u00a0\u00bb content_max_width=\u00a0\u00bb100%\u00a0\u00bb module_class=\u00a0\u00bbtimeline_icon_text\u00a0\u00bb _builder_version=\u00a0\u00bb4.25.1&Prime; _module_preset=\u00a0\u00bbdefault\u00a0\u00bb header_text_align=\u00a0\u00bbcenter\u00a0\u00bb body_font_size=\u00a0\u00bb18px\u00a0\u00bb custom_margin=\u00a0\u00bb||13px||false|false\u00a0\u00bb animation=\u00a0\u00bboff\u00a0\u00bb custom_css_free_form=\u00a0\u00bbselector{|| float:left !important;|| width:100%;||}\u00a0\u00bb global_colors_info=\u00a0\u00bb{}\u00a0\u00bb]<strong>Gr\u00fcnig R, Dellmann K (1999)<\/strong> L&rsquo;\u00e9valuation des strat\u00e9gies globales d&rsquo;entreprise \u00e0 l&rsquo;aide du processus analytique de r\u00e9seau, respectivement du processus analytique hi\u00e9rarchique, dans : Rudolf Gr\u00fcnig\/Martial Pasquier (\u00e9d.) : Strategisches Management und Marketing, Haupt Bern, p. 33 ss.<br \/>\n[\/et_pb_blurb][et_pb_blurb use_icon=\u00a0\u00bbon\u00a0\u00bb font_icon=\u00a0\u00bb&#xe086;||divi||400&Prime; icon_color=\u00a0\u00bb#0C71C3&Prime; image_icon_background_color=\u00a0\u00bbRGBA(255,255,255,0)\u00a0\u00bb icon_placement=\u00a0\u00bbleft\u00a0\u00bb image_icon_width=\u00a0\u00bb25px\u00a0\u00bb content_max_width=\u00a0\u00bb100%\u00a0\u00bb module_class=\u00a0\u00bbtimeline_icon_text\u00a0\u00bb _builder_version=\u00a0\u00bb4.25.1&Prime; _module_preset=\u00a0\u00bbdefault\u00a0\u00bb header_text_align=\u00a0\u00bbcenter\u00a0\u00bb body_font_size=\u00a0\u00bb18px\u00a0\u00bb custom_margin=\u00a0\u00bb||13px||false|false\u00a0\u00bb animation=\u00a0\u00bboff\u00a0\u00bb custom_css_free_form=\u00a0\u00bbselector{|| float:left !important;|| width:100%;||}\u00a0\u00bb global_colors_info=\u00a0\u00bb{}\u00a0\u00bb]<strong>Gr\u00fcnig R, Pasquier M (Hrsg.) (1999)<\/strong> Management strat\u00e9gique et marketing, Haupt Berne<br \/>\n[\/et_pb_blurb][et_pb_blurb use_icon=\u00a0\u00bbon\u00a0\u00bb font_icon=\u00a0\u00bb&#xe086;||divi||400&Prime; icon_color=\u00a0\u00bb#0C71C3&Prime; image_icon_background_color=\u00a0\u00bbRGBA(255,255,255,0)\u00a0\u00bb icon_placement=\u00a0\u00bbleft\u00a0\u00bb image_icon_width=\u00a0\u00bb25px\u00a0\u00bb content_max_width=\u00a0\u00bb100%\u00a0\u00bb module_class=\u00a0\u00bbtimeline_icon_text\u00a0\u00bb _builder_version=\u00a0\u00bb4.25.1&Prime; _module_preset=\u00a0\u00bbdefault\u00a0\u00bb header_text_align=\u00a0\u00bbcenter\u00a0\u00bb body_font_size=\u00a0\u00bb18px\u00a0\u00bb custom_margin=\u00a0\u00bb||13px||false|false\u00a0\u00bb animation=\u00a0\u00bboff\u00a0\u00bb custom_css_free_form=\u00a0\u00bbselector{|| float:left !important;|| width:100%;||}\u00a0\u00bb global_colors_info=\u00a0\u00bb{}\u00a0\u00bb]<strong>Gr\u00fcnig R, Stuber R (1998)<\/strong> Planification strat\u00e9gique des programmes d&rsquo;investissement, dans : L&rsquo;Expert-comptable suisse n\u00b0 10, p. 1007 ss.<br \/>\n[\/et_pb_blurb][et_pb_blurb use_icon=\u00a0\u00bbon\u00a0\u00bb font_icon=\u00a0\u00bb&#xe086;||divi||400&Prime; icon_color=\u00a0\u00bb#0C71C3&Prime; image_icon_background_color=\u00a0\u00bbRGBA(255,255,255,0)\u00a0\u00bb icon_placement=\u00a0\u00bbleft\u00a0\u00bb image_icon_width=\u00a0\u00bb25px\u00a0\u00bb content_max_width=\u00a0\u00bb100%\u00a0\u00bb module_class=\u00a0\u00bbtimeline_icon_text\u00a0\u00bb _builder_version=\u00a0\u00bb4.25.1&Prime; _module_preset=\u00a0\u00bbdefault\u00a0\u00bb header_text_align=\u00a0\u00bbcenter\u00a0\u00bb body_font_size=\u00a0\u00bb18px\u00a0\u00bb custom_margin=\u00a0\u00bb||13px||false|false\u00a0\u00bb animation=\u00a0\u00bboff\u00a0\u00bb custom_css_free_form=\u00a0\u00bbselector{|| float:left !important;|| width:100%;||}\u00a0\u00bb global_colors_info=\u00a0\u00bb{}\u00a0\u00bb]<strong>Gr\u00fcnig R, Cotting R (1997)<\/strong> Calcul des co\u00fbts d&rsquo;activit\u00e9 orient\u00e9 sur les capacit\u00e9s, dans : L&rsquo;Expert-comptable suisse n\u00b0 4, p. 287 ss.<br \/>\n[\/et_pb_blurb][et_pb_blurb use_icon=\u00a0\u00bbon\u00a0\u00bb font_icon=\u00a0\u00bb&#xe086;||divi||400&Prime; icon_color=\u00a0\u00bb#0C71C3&Prime; image_icon_background_color=\u00a0\u00bbRGBA(255,255,255,0)\u00a0\u00bb icon_placement=\u00a0\u00bbleft\u00a0\u00bb image_icon_width=\u00a0\u00bb25px\u00a0\u00bb content_max_width=\u00a0\u00bb100%\u00a0\u00bb module_class=\u00a0\u00bbtimeline_icon_text\u00a0\u00bb _builder_version=\u00a0\u00bb4.25.1&Prime; _module_preset=\u00a0\u00bbdefault\u00a0\u00bb header_text_align=\u00a0\u00bbcenter\u00a0\u00bb body_font_size=\u00a0\u00bb18px\u00a0\u00bb custom_margin=\u00a0\u00bb||13px||false|false\u00a0\u00bb animation=\u00a0\u00bboff\u00a0\u00bb custom_css_free_form=\u00a0\u00bbselector{|| float:left !important;|| width:100%;||}\u00a0\u00bb global_colors_info=\u00a0\u00bb{}\u00a0\u00bb]<strong>Gr\u00fcnig R (1996)<\/strong> Das Planungskonzept &#8211; Instrument zur Gestaltung der Planung und ihrer Kontrolle, deuxi\u00e8me \u00e9dition, Haupt Berne<br \/>\n[\/et_pb_blurb][et_pb_blurb use_icon=\u00a0\u00bbon\u00a0\u00bb font_icon=\u00a0\u00bb&#xe086;||divi||400&Prime; icon_color=\u00a0\u00bb#0C71C3&Prime; image_icon_background_color=\u00a0\u00bbRGBA(255,255,255,0)\u00a0\u00bb icon_placement=\u00a0\u00bbleft\u00a0\u00bb image_icon_width=\u00a0\u00bb25px\u00a0\u00bb content_max_width=\u00a0\u00bb100%\u00a0\u00bb module_class=\u00a0\u00bbtimeline_icon_text\u00a0\u00bb _builder_version=\u00a0\u00bb4.25.1&Prime; _module_preset=\u00a0\u00bbdefault\u00a0\u00bb header_text_align=\u00a0\u00bbcenter\u00a0\u00bb body_font_size=\u00a0\u00bb18px\u00a0\u00bb custom_margin=\u00a0\u00bb||13px||false|false\u00a0\u00bb animation=\u00a0\u00bboff\u00a0\u00bb custom_css_free_form=\u00a0\u00bbselector{|| float:left !important;|| width:100%;||}\u00a0\u00bb global_colors_info=\u00a0\u00bb{}\u00a0\u00bb]<strong>Gr\u00fcnig R, Filliger O (1996)<\/strong> Approches pour l&rsquo;am\u00e9lioration de la comptabilit\u00e9 analytique dans les organisations priv\u00e9es \u00e0 but non lucratif, in : Kostenrechnungspraxis n\u00b0 3, p. 166 ss.<br \/>\n[\/et_pb_blurb][et_pb_blurb use_icon=\u00a0\u00bbon\u00a0\u00bb font_icon=\u00a0\u00bb&#xe086;||divi||400&Prime; icon_color=\u00a0\u00bb#0C71C3&Prime; image_icon_background_color=\u00a0\u00bbRGBA(255,255,255,0)\u00a0\u00bb icon_placement=\u00a0\u00bbleft\u00a0\u00bb image_icon_width=\u00a0\u00bb25px\u00a0\u00bb content_max_width=\u00a0\u00bb100%\u00a0\u00bb module_class=\u00a0\u00bbtimeline_icon_text\u00a0\u00bb _builder_version=\u00a0\u00bb4.25.1&Prime; _module_preset=\u00a0\u00bbdefault\u00a0\u00bb header_text_align=\u00a0\u00bbcenter\u00a0\u00bb body_font_size=\u00a0\u00bb18px\u00a0\u00bb custom_margin=\u00a0\u00bb||13px||false|false\u00a0\u00bb animation=\u00a0\u00bboff\u00a0\u00bb custom_css_free_form=\u00a0\u00bbselector{|| float:left !important;|| width:100%;||}\u00a0\u00bb global_colors_info=\u00a0\u00bb{}\u00a0\u00bb]<strong>Gr\u00fcnig R, Heckner F (1996)<\/strong> Elaboration de strat\u00e9gies d&rsquo;internationalisation, dans : zfo n\u00b0 5, p. 268 et suivantes.<br \/>\n[\/et_pb_blurb][et_pb_blurb use_icon=\u00a0\u00bbon\u00a0\u00bb font_icon=\u00a0\u00bb&#xe086;||divi||400&Prime; icon_color=\u00a0\u00bb#0C71C3&Prime; image_icon_background_color=\u00a0\u00bbRGBA(255,255,255,0)\u00a0\u00bb icon_placement=\u00a0\u00bbleft\u00a0\u00bb image_icon_width=\u00a0\u00bb25px\u00a0\u00bb content_max_width=\u00a0\u00bb100%\u00a0\u00bb module_class=\u00a0\u00bbtimeline_icon_text\u00a0\u00bb _builder_version=\u00a0\u00bb4.25.1&Prime; _module_preset=\u00a0\u00bbdefault\u00a0\u00bb header_text_align=\u00a0\u00bbcenter\u00a0\u00bb body_font_size=\u00a0\u00bb18px\u00a0\u00bb custom_margin=\u00a0\u00bb||13px||false|false\u00a0\u00bb animation=\u00a0\u00bboff\u00a0\u00bb custom_css_free_form=\u00a0\u00bbselector{|| float:left !important;|| width:100%;||}\u00a0\u00bb global_colors_info=\u00a0\u00bb{}\u00a0\u00bb]<strong>Gr\u00fcnig R, Heckner F, Zeus A (1996)<\/strong> M\u00e9thodes d&rsquo;identification des facteurs strat\u00e9giques de succ\u00e8s, in : Die Unternehmung n\u00b0 1, p. 3 et suivantes.<br \/>\n[\/et_pb_blurb][et_pb_blurb use_icon=\u00a0\u00bbon\u00a0\u00bb font_icon=\u00a0\u00bb&#xe086;||divi||400&Prime; icon_color=\u00a0\u00bb#0C71C3&Prime; image_icon_background_color=\u00a0\u00bbRGBA(255,255,255,0)\u00a0\u00bb icon_placement=\u00a0\u00bbleft\u00a0\u00bb image_icon_width=\u00a0\u00bb25px\u00a0\u00bb content_max_width=\u00a0\u00bb100%\u00a0\u00bb module_class=\u00a0\u00bbtimeline_icon_text\u00a0\u00bb _builder_version=\u00a0\u00bb4.25.1&Prime; _module_preset=\u00a0\u00bbdefault\u00a0\u00bb header_text_align=\u00a0\u00bbcenter\u00a0\u00bb body_font_size=\u00a0\u00bb18px\u00a0\u00bb custom_margin=\u00a0\u00bb||13px||false|false\u00a0\u00bb animation=\u00a0\u00bboff\u00a0\u00bb custom_css_free_form=\u00a0\u00bbselector{|| float:left !important;|| width:100%;||}\u00a0\u00bb global_colors_info=\u00a0\u00bb{}\u00a0\u00bb]<strong>Gr\u00fcnig R, Maass R (1996)<\/strong> Strategische Planung in Nonprofit-Organisationen, in : Verbands-Management Nr. 1, p. 16ff.<br \/>\n[\/et_pb_blurb][et_pb_blurb use_icon=\u00a0\u00bbon\u00a0\u00bb font_icon=\u00a0\u00bb&#xe086;||divi||400&Prime; icon_color=\u00a0\u00bb#0C71C3&Prime; image_icon_background_color=\u00a0\u00bbRGBA(255,255,255,0)\u00a0\u00bb icon_placement=\u00a0\u00bbleft\u00a0\u00bb image_icon_width=\u00a0\u00bb25px\u00a0\u00bb content_max_width=\u00a0\u00bb100%\u00a0\u00bb module_class=\u00a0\u00bbtimeline_icon_text\u00a0\u00bb _builder_version=\u00a0\u00bb4.25.1&Prime; _module_preset=\u00a0\u00bbdefault\u00a0\u00bb header_text_align=\u00a0\u00bbcenter\u00a0\u00bb body_font_size=\u00a0\u00bb18px\u00a0\u00bb custom_margin=\u00a0\u00bb||13px||false|false\u00a0\u00bb animation=\u00a0\u00bboff\u00a0\u00bb custom_css_free_form=\u00a0\u00bbselector{|| float:left !important;|| width:100%;||}\u00a0\u00bb global_colors_info=\u00a0\u00bb{}\u00a0\u00bb]<strong>Gr\u00fcnig R (1995)<\/strong> Die strategische Planung in international t\u00e4tigen Unternehmen, in : Reinbert Schauer\/Ernst-Bernd Bl\u00fcmle (Hrsg.) : Die Neuordnung der europ\u00e4ischen Wirtschaft, Linz, p. 35 et suivantes.<br \/>\n[\/et_pb_blurb][et_pb_blurb use_icon=\u00a0\u00bbon\u00a0\u00bb font_icon=\u00a0\u00bb&#xe086;||divi||400&Prime; icon_color=\u00a0\u00bb#0C71C3&Prime; image_icon_background_color=\u00a0\u00bbRGBA(255,255,255,0)\u00a0\u00bb icon_placement=\u00a0\u00bbleft\u00a0\u00bb image_icon_width=\u00a0\u00bb25px\u00a0\u00bb content_max_width=\u00a0\u00bb100%\u00a0\u00bb module_class=\u00a0\u00bbtimeline_icon_text\u00a0\u00bb _builder_version=\u00a0\u00bb4.25.1&Prime; _module_preset=\u00a0\u00bbdefault\u00a0\u00bb header_text_align=\u00a0\u00bbcenter\u00a0\u00bb body_font_size=\u00a0\u00bb18px\u00a0\u00bb custom_margin=\u00a0\u00bb||13px||false|false\u00a0\u00bb animation=\u00a0\u00bboff\u00a0\u00bb custom_css_free_form=\u00a0\u00bbselector{|| float:left !important;|| width:100%;||}\u00a0\u00bb global_colors_info=\u00a0\u00bb{}\u00a0\u00bb]<strong>Gr\u00fcnig R (1994)<\/strong> Grandes lignes de la planification dans les organisations \u00e0 but non lucratif, in : L&rsquo;Expert-comptable suisse n\u00b0 10, p. 787 ss.<br \/>\n[\/et_pb_blurb][et_pb_blurb use_icon=\u00a0\u00bbon\u00a0\u00bb font_icon=\u00a0\u00bb&#xe086;||divi||400&Prime; icon_color=\u00a0\u00bb#0C71C3&Prime; image_icon_background_color=\u00a0\u00bbRGBA(255,255,255,0)\u00a0\u00bb icon_placement=\u00a0\u00bbleft\u00a0\u00bb image_icon_width=\u00a0\u00bb25px\u00a0\u00bb content_max_width=\u00a0\u00bb100%\u00a0\u00bb module_class=\u00a0\u00bbtimeline_icon_text\u00a0\u00bb _builder_version=\u00a0\u00bb4.25.1&Prime; _module_preset=\u00a0\u00bbdefault\u00a0\u00bb header_text_align=\u00a0\u00bbcenter\u00a0\u00bb body_font_size=\u00a0\u00bb18px\u00a0\u00bb custom_margin=\u00a0\u00bb||13px||false|false\u00a0\u00bb animation=\u00a0\u00bboff\u00a0\u00bb custom_css_free_form=\u00a0\u00bbselector{|| float:left !important;|| width:100%;||}\u00a0\u00bb global_colors_info=\u00a0\u00bb{}\u00a0\u00bb]<strong>Gr\u00fcnig R (1994)<\/strong> Domaines d&rsquo;activit\u00e9 strat\u00e9giques, structure juridique et organisation sommaire, dans : L&rsquo;entreprise n\u00b0 5, p. 323 et suivantes.<br \/>\n[\/et_pb_blurb][et_pb_blurb use_icon=\u00a0\u00bbon\u00a0\u00bb font_icon=\u00a0\u00bb&#xe086;||divi||400&Prime; icon_color=\u00a0\u00bb#0C71C3&Prime; image_icon_background_color=\u00a0\u00bbRGBA(255,255,255,0)\u00a0\u00bb icon_placement=\u00a0\u00bbleft\u00a0\u00bb image_icon_width=\u00a0\u00bb25px\u00a0\u00bb content_max_width=\u00a0\u00bb100%\u00a0\u00bb module_class=\u00a0\u00bbtimeline_icon_text\u00a0\u00bb _builder_version=\u00a0\u00bb4.25.1&Prime; _module_preset=\u00a0\u00bbdefault\u00a0\u00bb header_text_align=\u00a0\u00bbcenter\u00a0\u00bb body_font_size=\u00a0\u00bb18px\u00a0\u00bb custom_margin=\u00a0\u00bb||13px||false|false\u00a0\u00bb animation=\u00a0\u00bboff\u00a0\u00bb custom_css_free_form=\u00a0\u00bbselector{|| float:left !important;|| width:100%;||}\u00a0\u00bb global_colors_info=\u00a0\u00bb{}\u00a0\u00bb]<strong>Gr\u00fcnig R (1993)<\/strong> Le management-mix des organisations complexes, in : L&rsquo;entreprise n\u00b0 5, p. 363 et suivantes.<br \/>\n[\/et_pb_blurb][et_pb_blurb use_icon=\u00a0\u00bbon\u00a0\u00bb font_icon=\u00a0\u00bb&#xe086;||divi||400&Prime; icon_color=\u00a0\u00bb#0C71C3&Prime; image_icon_background_color=\u00a0\u00bbRGBA(255,255,255,0)\u00a0\u00bb icon_placement=\u00a0\u00bbleft\u00a0\u00bb image_icon_width=\u00a0\u00bb25px\u00a0\u00bb content_max_width=\u00a0\u00bb100%\u00a0\u00bb module_class=\u00a0\u00bbtimeline_icon_text\u00a0\u00bb _builder_version=\u00a0\u00bb4.25.1&Prime; _module_preset=\u00a0\u00bbdefault\u00a0\u00bb header_text_align=\u00a0\u00bbcenter\u00a0\u00bb body_font_size=\u00a0\u00bb18px\u00a0\u00bb custom_margin=\u00a0\u00bb||13px||false|false\u00a0\u00bb animation=\u00a0\u00bboff\u00a0\u00bb custom_css_free_form=\u00a0\u00bbselector{|| float:left !important;|| width:100%;||}\u00a0\u00bb global_colors_info=\u00a0\u00bb{}\u00a0\u00bb]<strong>Gr\u00fcnig R (1993)<\/strong> La perspective financi\u00e8re strat\u00e9gique, Une approche pour quantifier la planification strat\u00e9gique, dans : L&rsquo;Expert-comptable suisse n\u00b0 10, p. 677 et suivantes.<br \/>\n[\/et_pb_blurb][et_pb_blurb use_icon=\u00a0\u00bbon\u00a0\u00bb font_icon=\u00a0\u00bb&#xe086;||divi||400&Prime; icon_color=\u00a0\u00bb#0C71C3&Prime; image_icon_background_color=\u00a0\u00bbRGBA(255,255,255,0)\u00a0\u00bb icon_placement=\u00a0\u00bbleft\u00a0\u00bb image_icon_width=\u00a0\u00bb25px\u00a0\u00bb content_max_width=\u00a0\u00bb100%\u00a0\u00bb module_class=\u00a0\u00bbtimeline_icon_text\u00a0\u00bb _builder_version=\u00a0\u00bb4.25.1&Prime; _module_preset=\u00a0\u00bbdefault\u00a0\u00bb header_text_align=\u00a0\u00bbcenter\u00a0\u00bb body_font_size=\u00a0\u00bb18px\u00a0\u00bb custom_margin=\u00a0\u00bb||13px||false|false\u00a0\u00bb animation=\u00a0\u00bboff\u00a0\u00bb custom_css_free_form=\u00a0\u00bbselector{|| float:left !important;|| width:100%;||}\u00a0\u00bb global_colors_info=\u00a0\u00bb{}\u00a0\u00bb]<strong>Gr\u00fcnig R (1993)<\/strong> Bases, techniques et documents de la planification strat\u00e9gique, in : L&rsquo;Expert-comptable suisse n\u00b0 7-8, p. 465 ss.<br \/>\n[\/et_pb_blurb][et_pb_blurb use_icon=\u00a0\u00bbon\u00a0\u00bb font_icon=\u00a0\u00bb&#xe086;||divi||400&Prime; icon_color=\u00a0\u00bb#0C71C3&Prime; image_icon_background_color=\u00a0\u00bbRGBA(255,255,255,0)\u00a0\u00bb icon_placement=\u00a0\u00bbleft\u00a0\u00bb image_icon_width=\u00a0\u00bb25px\u00a0\u00bb content_max_width=\u00a0\u00bb100%\u00a0\u00bb module_class=\u00a0\u00bbtimeline_icon_text\u00a0\u00bb _builder_version=\u00a0\u00bb4.25.1&Prime; _module_preset=\u00a0\u00bbdefault\u00a0\u00bb header_text_align=\u00a0\u00bbcenter\u00a0\u00bb body_font_size=\u00a0\u00bb18px\u00a0\u00bb custom_margin=\u00a0\u00bb||13px||false|false\u00a0\u00bb animation=\u00a0\u00bboff\u00a0\u00bb custom_css_free_form=\u00a0\u00bbselector{|| float:left !important;|| width:100%;||}\u00a0\u00bb global_colors_info=\u00a0\u00bb{}\u00a0\u00bb]<strong>Gr\u00fcnig R (1992)<\/strong> M\u00e9thodes et instruments de la planification strat\u00e9gique, in : Die Unternehmung n\u00b0 4, p. 267 et suivantes.<br \/>\n[\/et_pb_blurb][et_pb_blurb use_icon=\u00a0\u00bbon\u00a0\u00bb font_icon=\u00a0\u00bb&#xe086;||divi||400&Prime; icon_color=\u00a0\u00bb#0C71C3&Prime; image_icon_background_color=\u00a0\u00bbRGBA(255,255,255,0)\u00a0\u00bb icon_placement=\u00a0\u00bbleft\u00a0\u00bb image_icon_width=\u00a0\u00bb25px\u00a0\u00bb content_max_width=\u00a0\u00bb100%\u00a0\u00bb module_class=\u00a0\u00bbtimeline_icon_text\u00a0\u00bb _builder_version=\u00a0\u00bb4.25.1&Prime; _module_preset=\u00a0\u00bbdefault\u00a0\u00bb header_text_align=\u00a0\u00bbcenter\u00a0\u00bb body_font_size=\u00a0\u00bb18px\u00a0\u00bb custom_margin=\u00a0\u00bb||13px||false|false\u00a0\u00bb animation=\u00a0\u00bboff\u00a0\u00bb custom_css_free_form=\u00a0\u00bbselector{|| float:left !important;|| width:100%;||}\u00a0\u00bb global_colors_info=\u00a0\u00bb{}\u00a0\u00bb]<strong>Gr\u00fcnig R (1991)<\/strong> La comptabilit\u00e9 analytique : un instrument de gestion important \u00e9galement pour les organisations \u00e0 but non lucratif, dans : Verbands-Management n\u00b0 1, p. 9 et suivantes.<br \/>\n[\/et_pb_blurb][et_pb_blurb use_icon=\u00a0\u00bbon\u00a0\u00bb font_icon=\u00a0\u00bb&#xe086;||divi||400&Prime; icon_color=\u00a0\u00bb#0C71C3&Prime; image_icon_background_color=\u00a0\u00bbRGBA(255,255,255,0)\u00a0\u00bb icon_placement=\u00a0\u00bbleft\u00a0\u00bb image_icon_width=\u00a0\u00bb25px\u00a0\u00bb content_max_width=\u00a0\u00bb100%\u00a0\u00bb module_class=\u00a0\u00bbtimeline_icon_text\u00a0\u00bb _builder_version=\u00a0\u00bb4.25.1&Prime; _module_preset=\u00a0\u00bbdefault\u00a0\u00bb header_text_align=\u00a0\u00bbcenter\u00a0\u00bb body_font_size=\u00a0\u00bb18px\u00a0\u00bb custom_margin=\u00a0\u00bb||13px||false|false\u00a0\u00bb animation=\u00a0\u00bboff\u00a0\u00bb custom_css_free_form=\u00a0\u00bbselector{|| float:left !important;|| width:100%;||}\u00a0\u00bb global_colors_info=\u00a0\u00bb{}\u00a0\u00bb]<strong>Gr\u00fcnig R, K\u00fchn R (1991)<\/strong> Der F\u00fchrungs-Mix &#8211; Ein Ansatz zur Diagnose von F\u00fchrungsproblemen, in : Die Unternehmung Nr. 4, p. 226ff.<br \/>\n[\/et_pb_blurb][et_pb_blurb use_icon=\u00a0\u00bbon\u00a0\u00bb font_icon=\u00a0\u00bb&#xe086;||divi||400&Prime; icon_color=\u00a0\u00bb#0C71C3&Prime; image_icon_background_color=\u00a0\u00bbRGBA(255,255,255,0)\u00a0\u00bb icon_placement=\u00a0\u00bbleft\u00a0\u00bb image_icon_width=\u00a0\u00bb25px\u00a0\u00bb content_max_width=\u00a0\u00bb100%\u00a0\u00bb module_class=\u00a0\u00bbtimeline_icon_text\u00a0\u00bb _builder_version=\u00a0\u00bb4.25.1&Prime; _module_preset=\u00a0\u00bbdefault\u00a0\u00bb header_text_align=\u00a0\u00bbcenter\u00a0\u00bb body_font_size=\u00a0\u00bb18px\u00a0\u00bb custom_margin=\u00a0\u00bb||13px||false|false\u00a0\u00bb animation=\u00a0\u00bboff\u00a0\u00bb custom_css_free_form=\u00a0\u00bbselector{|| float:left !important;|| width:100%;||}\u00a0\u00bb global_colors_info=\u00a0\u00bb{}\u00a0\u00bb]<strong>Gr\u00fcnig R, W\u00fcrmli K (1991)<\/strong> Plus d&rsquo;informations de la comptabilit\u00e9 analytique, in : i.o. Revue de gestion n\u00b0 5, p. 78 et suivantes.<br \/>\n[\/et_pb_blurb][et_pb_blurb use_icon=\u00a0\u00bbon\u00a0\u00bb font_icon=\u00a0\u00bb&#xe086;||divi||400&Prime; icon_color=\u00a0\u00bb#0C71C3&Prime; image_icon_background_color=\u00a0\u00bbRGBA(255,255,255,0)\u00a0\u00bb icon_placement=\u00a0\u00bbleft\u00a0\u00bb image_icon_width=\u00a0\u00bb25px\u00a0\u00bb content_max_width=\u00a0\u00bb100%\u00a0\u00bb module_class=\u00a0\u00bbtimeline_icon_text\u00a0\u00bb _builder_version=\u00a0\u00bb4.25.1&Prime; _module_preset=\u00a0\u00bbdefault\u00a0\u00bb header_text_align=\u00a0\u00bbcenter\u00a0\u00bb body_font_size=\u00a0\u00bb18px\u00a0\u00bb custom_margin=\u00a0\u00bb||13px||false|false\u00a0\u00bb animation=\u00a0\u00bboff\u00a0\u00bb custom_css_free_form=\u00a0\u00bbselector{|| float:left !important;|| width:100%;||}\u00a0\u00bb global_colors_info=\u00a0\u00bb{}\u00a0\u00bb]<strong>Gr\u00fcnig R (1990)<\/strong> Le concept de planification comme instrument d&rsquo;am\u00e9lioration de la planification et du contr\u00f4le, dans : L&rsquo;Expert-comptable suisse n\u00b0 6, p. 303 ss.<br \/>\n[\/et_pb_blurb][et_pb_blurb use_icon=\u00a0\u00bbon\u00a0\u00bb font_icon=\u00a0\u00bb&#xe086;||divi||400&Prime; icon_color=\u00a0\u00bb#0C71C3&Prime; image_icon_background_color=\u00a0\u00bbRGBA(255,255,255,0)\u00a0\u00bb icon_placement=\u00a0\u00bbleft\u00a0\u00bb image_icon_width=\u00a0\u00bb25px\u00a0\u00bb content_max_width=\u00a0\u00bb100%\u00a0\u00bb module_class=\u00a0\u00bbtimeline_icon_text\u00a0\u00bb _builder_version=\u00a0\u00bb4.25.1&Prime; _module_preset=\u00a0\u00bbdefault\u00a0\u00bb header_text_align=\u00a0\u00bbcenter\u00a0\u00bb body_font_size=\u00a0\u00bb18px\u00a0\u00bb custom_margin=\u00a0\u00bb||13px||false|false\u00a0\u00bb animation=\u00a0\u00bboff\u00a0\u00bb custom_css_free_form=\u00a0\u00bbselector{|| float:left !important;|| width:100%;||}\u00a0\u00bb global_colors_info=\u00a0\u00bb{}\u00a0\u00bb]<strong>Gr\u00fcnig R (1990)<\/strong> Proc\u00e9dure de v\u00e9rification et d&rsquo;am\u00e9lioration des concepts de planification, Haupt Bern<br \/>\n[\/et_pb_blurb][et_pb_blurb use_icon=\u00a0\u00bbon\u00a0\u00bb font_icon=\u00a0\u00bb&#xe086;||divi||400&Prime; icon_color=\u00a0\u00bb#0C71C3&Prime; image_icon_background_color=\u00a0\u00bbRGBA(255,255,255,0)\u00a0\u00bb icon_placement=\u00a0\u00bbleft\u00a0\u00bb image_icon_width=\u00a0\u00bb25px\u00a0\u00bb content_max_width=\u00a0\u00bb100%\u00a0\u00bb module_class=\u00a0\u00bbtimeline_icon_text\u00a0\u00bb _builder_version=\u00a0\u00bb4.25.1&Prime; _module_preset=\u00a0\u00bbdefault\u00a0\u00bb header_text_align=\u00a0\u00bbcenter\u00a0\u00bb body_font_size=\u00a0\u00bb18px\u00a0\u00bb custom_margin=\u00a0\u00bb||13px||false|false\u00a0\u00bb animation=\u00a0\u00bboff\u00a0\u00bb custom_css_free_form=\u00a0\u00bbselector{|| float:left !important;|| width:100%;||}\u00a0\u00bb global_colors_info=\u00a0\u00bb{}\u00a0\u00bb]<strong>Gr\u00fcnig R (1989)<\/strong> Gestion de la comptabilit\u00e9 analytique, dans : Die Unternehmung n\u00b0 2, p. 78 et suivantes.<br \/>\n[\/et_pb_blurb][et_pb_blurb use_icon=\u00a0\u00bbon\u00a0\u00bb font_icon=\u00a0\u00bb&#xe086;||divi||400&Prime; icon_color=\u00a0\u00bb#0C71C3&Prime; image_icon_background_color=\u00a0\u00bbRGBA(255,255,255,0)\u00a0\u00bb icon_placement=\u00a0\u00bbleft\u00a0\u00bb image_icon_width=\u00a0\u00bb25px\u00a0\u00bb content_max_width=\u00a0\u00bb100%\u00a0\u00bb module_class=\u00a0\u00bbtimeline_icon_text\u00a0\u00bb _builder_version=\u00a0\u00bb4.25.1&Prime; _module_preset=\u00a0\u00bbdefault\u00a0\u00bb header_text_align=\u00a0\u00bbcenter\u00a0\u00bb body_font_size=\u00a0\u00bb18px\u00a0\u00bb custom_margin=\u00a0\u00bb||13px||false|false\u00a0\u00bb animation=\u00a0\u00bboff\u00a0\u00bb custom_css_free_form=\u00a0\u00bbselector{|| float:left !important;|| width:100%;||}\u00a0\u00bb global_colors_info=\u00a0\u00bb{}\u00a0\u00bb]<strong>Gr\u00fcnig R (1988)<\/strong> Sch\u00e9mas directeurs d&rsquo;entreprise &#8211; Grandes lignes d&rsquo;une proc\u00e9dure d&rsquo;\u00e9laboration et de r\u00e9vision, in : zfo n\u00b0 4, p. 254 et suivantes.<br \/>\n[\/et_pb_blurb][et_pb_blurb use_icon=\u00a0\u00bbon\u00a0\u00bb font_icon=\u00a0\u00bb&#xe086;||divi||400&Prime; icon_color=\u00a0\u00bb#0C71C3&Prime; image_icon_background_color=\u00a0\u00bbRGBA(255,255,255,0)\u00a0\u00bb icon_placement=\u00a0\u00bbleft\u00a0\u00bb image_icon_width=\u00a0\u00bb25px\u00a0\u00bb content_max_width=\u00a0\u00bb100%\u00a0\u00bb module_class=\u00a0\u00bbtimeline_icon_text\u00a0\u00bb _builder_version=\u00a0\u00bb4.25.1&Prime; _module_preset=\u00a0\u00bbdefault\u00a0\u00bb header_text_align=\u00a0\u00bbcenter\u00a0\u00bb body_font_size=\u00a0\u00bb18px\u00a0\u00bb custom_margin=\u00a0\u00bb||13px||false|false\u00a0\u00bb animation=\u00a0\u00bboff\u00a0\u00bb custom_css_free_form=\u00a0\u00bbselector{|| float:left !important;|| width:100%;||}\u00a0\u00bb global_colors_info=\u00a0\u00bb{}\u00a0\u00bb]<strong>Gr\u00fcnig R, K\u00fchn R (1986)<\/strong> La recherche-action et son application dans la gestion d&rsquo;entreprise pratique et normative, in : Die Unternehmung n\u00b0 2, p. 118 et suivantes.<br \/>\n[\/et_pb_blurb][et_pb_blurb use_icon=\u00a0\u00bbon\u00a0\u00bb font_icon=\u00a0\u00bb&#xe086;||divi||400&Prime; icon_color=\u00a0\u00bb#0C71C3&Prime; image_icon_background_color=\u00a0\u00bbRGBA(255,255,255,0)\u00a0\u00bb icon_placement=\u00a0\u00bbleft\u00a0\u00bb image_icon_width=\u00a0\u00bb25px\u00a0\u00bb content_max_width=\u00a0\u00bb100%\u00a0\u00bb module_class=\u00a0\u00bbtimeline_icon_text\u00a0\u00bb _builder_version=\u00a0\u00bb4.25.1&Prime; _module_preset=\u00a0\u00bbdefault\u00a0\u00bb header_text_align=\u00a0\u00bbcenter\u00a0\u00bb body_font_size=\u00a0\u00bb18px\u00a0\u00bb custom_margin=\u00a0\u00bb||13px||false|false\u00a0\u00bb animation=\u00a0\u00bboff\u00a0\u00bb custom_css_free_form=\u00a0\u00bbselector{|| float:left !important;|| width:100%;||}\u00a0\u00bb global_colors_info=\u00a0\u00bb{}\u00a0\u00bb]<strong>Gr\u00fcnig R (1985)<\/strong> Budg\u00e9tiser sous conditions &#8211; Comment les budgets deviennent une aide flexible \u00e0 la gestion, in : i.o. Revue de management n\u00b0 12, p. 549 et suiv.<br \/>\n[\/et_pb_blurb][et_pb_blurb use_icon=\u00a0\u00bbon\u00a0\u00bb font_icon=\u00a0\u00bb&#xe086;||divi||400&Prime; icon_color=\u00a0\u00bb#0C71C3&Prime; image_icon_background_color=\u00a0\u00bbRGBA(255,255,255,0)\u00a0\u00bb icon_placement=\u00a0\u00bbleft\u00a0\u00bb image_icon_width=\u00a0\u00bb25px\u00a0\u00bb content_max_width=\u00a0\u00bb100%\u00a0\u00bb module_class=\u00a0\u00bbtimeline_icon_text\u00a0\u00bb _builder_version=\u00a0\u00bb4.25.1&Prime; _module_preset=\u00a0\u00bbdefault\u00a0\u00bb header_text_align=\u00a0\u00bbcenter\u00a0\u00bb body_font_size=\u00a0\u00bb18px\u00a0\u00bb custom_margin=\u00a0\u00bb||13px||false|false\u00a0\u00bb animation=\u00a0\u00bboff\u00a0\u00bb custom_css_free_form=\u00a0\u00bbselector{|| float:left !important;|| width:100%;||}\u00a0\u00bb global_colors_info=\u00a0\u00bb{}\u00a0\u00bb]<strong>Gr\u00fcnig R (1984)<\/strong> Proc\u00e9dure d&rsquo;\u00e9laboration d&rsquo;un syst\u00e8me de principes pour le domaine des investissements, Haupt Bern<br \/>\n[\/et_pb_blurb][\/et_pb_column][\/et_pb_row][\/et_pb_section]<\/p>\n","protected":false},"excerpt":{"rendered":"<p><div class=\"et_pb_module dipl_breadcrumb dipl_breadcrumb_0\">\n\t\t\t\t\n\t\t\t\t\n\t\t\t\t\n\t\t\t\t\n\t\t\t\t\n\t\t\t\t\n\t\t\t\t<div class=\"et_pb_module_inner\">\n\t\t\t\t\t<div class=\"dipl-breadcrumb-wrapper layout2\">\n\t\t\t\t<ol class=\"dipl-breadcrumb-inner\" vocab=\"https:\/\/schema.org\/\" typeof=\"BreadcrumbList\">\n\t\t\t\t\t<li property=\"itemListElement\" typeof=\"ListItem\" data-icon=\"&#x39;\">\n\t\t\t\t\t\t\t\t<a class=\"breadcrumb-item dipl-home-page\" href=\"https:\/\/rudolfgruenig.ch\/fr\/\" property=\"item\" typeof=\"WebPage\" >\n\t\t\t\t\t\t\t\t\t<span class=\"breadcrumb-page\" property=\"name\">Home<\/span>\n\t\t\t\t\t\t\t\t<\/a>\n\t\t\t\t\t\t\t\t<meta property=\"position\" content=\"1\" \/>\n\t\t\t\t\t\t\t<\/li>\n\t\t\t\t<\/ol>\n\t\t\t<\/div>\n\t\t\t\t<\/div>\n\t\t\t<\/div><div id=\"\u00bbsection_slider\" class=\"et_pb_module dipl_image_card_carousel dipl_image_card_carousel_0  et_pb_text_align_left\">\n\t\t\t\t\n\t\t\t\t\n\t\t\t\t\n\t\t\t\t\n\t\t\t\t\n\t\t\t\t\n\t\t\t\t<div class=\"et_pb_module_inner\">\n\t\t\t\t\t<h1>No Result Found!<\/h1><p>The carousel you requested could not be found. Try changing your module settings or add some new cards.<\/p><\/div>\n\t\t\t\t<\/div>\n\t\t\t<\/div><\/p>\n","protected":false},"author":3,"featured_media":0,"parent":0,"menu_order":0,"comment_status":"closed","ping_status":"closed","template":"","meta":{"_et_pb_use_builder":"on","_et_pb_old_content":"<!-- wp:divi\/placeholder \/-->","_et_gb_content_width":"","inline_featured_image":false,"footnotes":""},"class_list":["post-1854","page","type-page","status-publish","hentry"],"_links":{"self":[{"href":"https:\/\/rudolfgruenig.ch\/fr\/wp-json\/wp\/v2\/pages\/1854","targetHints":{"allow":["GET"]}}],"collection":[{"href":"https:\/\/rudolfgruenig.ch\/fr\/wp-json\/wp\/v2\/pages"}],"about":[{"href":"https:\/\/rudolfgruenig.ch\/fr\/wp-json\/wp\/v2\/types\/page"}],"author":[{"embeddable":true,"href":"https:\/\/rudolfgruenig.ch\/fr\/wp-json\/wp\/v2\/users\/3"}],"replies":[{"embeddable":true,"href":"https:\/\/rudolfgruenig.ch\/fr\/wp-json\/wp\/v2\/comments?post=1854"}],"version-history":[{"count":38,"href":"https:\/\/rudolfgruenig.ch\/fr\/wp-json\/wp\/v2\/pages\/1854\/revisions"}],"predecessor-version":[{"id":2680,"href":"https:\/\/rudolfgruenig.ch\/fr\/wp-json\/wp\/v2\/pages\/1854\/revisions\/2680"}],"wp:attachment":[{"href":"https:\/\/rudolfgruenig.ch\/fr\/wp-json\/wp\/v2\/media?parent=1854"}],"curies":[{"name":"wp","href":"https:\/\/api.w.org\/{rel}","templated":true}]}}